{"id":76652,"date":"2023-06-05T15:32:21","date_gmt":"2023-06-05T12:32:21","guid":{"rendered":"https:\/\/solar.fi\/tuote\/solar-alykaihdin-moottorilla\/"},"modified":"2026-04-21T11:01:11","modified_gmt":"2026-04-21T08:01:11","slug":"motoriserad-smarta-persienner","status":"publish","type":"product","link":"https:\/\/solar.fi\/sv\/produkt\/motoriserad-smarta-persienner\/","title":{"rendered":"SOLAR Smartgardin med motor"},"content":{"rendered":"","protected":false},"excerpt":{"rendered":"<p>SOLAR MoveIT \u00e4r en motoriserad persienn som kan justeras b\u00e5de uppifr\u00e5n och nedifr\u00e5n och vid behov i b\u00e5da riktningarna samtidigt. Batteritiden \u00e4r upp till 6 m\u00e5nader vid normal anv\u00e4ndning.<\/p>\n<p>Den motoriserad persienn kan man\u00f6vreras b\u00e5de uppifr\u00e5n och nedifr\u00e5n, vilket g\u00f6r att du kan placera den exakt d\u00e4r du vill ha den. Du kan justera ljusinsl\u00e4ppet och insynsskyddet precis som du vill under dagens olika situationer.<\/p>\n<p>Styr den smarta persiennen enkelt med appen i din mobil, med fj\u00e4rrkontrollen eller med r\u00f6ststyrning via Siri p\u00e5 Apple\u00ae iOS-enheter.<\/p>\n<p>Ett typiskt pris f\u00f6r en smart persienn \u00e4r 690\u20131690 \u20ac \/ st. Det slutliga priset best\u00e4ms av det valda tyget och storleken.<\/p>\n<p><strong><a href=\"https:\/\/solar.fi\/sv\/kontaktuppgifter\/offert\/?copy_of_cart_item=&#038;prod_id=67528\">Beg\u00e4r en offert<\/a> eller boka en kostnadsfri <a href=\"https:\/\/solar.fi\/sv\/expertradgivning\/\">Expertv\u00e4gledning<\/a><\/strong><strong> d\u00e4r vi hj\u00e4lper dig med produktval och guidar dig genom processen med att g\u00f6ra korrekta m\u00e4tningar<\/strong>.<\/p>\n","protected":false},"featured_media":67700,"comment_status":"closed","ping_status":"closed","template":"","meta":{"_acf_changed":false,"inline_featured_image":false},"product_brand":[],"product_cat":[1095,1096,736],"product_tag":[1097],"class_list":{"0":"post-76652","1":"product","2":"type-product","3":"status-publish","4":"has-post-thumbnail","6":"product_cat-solar-alykaihdin-moottorilla-ylhaalta-ja-alhaalta-saadettava-sv","7":"product_cat-vekkikaihtimet-ikkunoihin-sv","8":"product_cat-vekkikaihtimet-ikkunoihin-ja-oviin-sv","9":"product_tag-alykaihdin-sv","11":"first","12":"instock","13":"taxable","14":"shipping-taxable","15":"product-type-variable"},"acf":[],"yoast_head":"<!-- This site is optimized with the Yoast SEO plugin v27.3 - https:\/\/yoast.com\/product\/yoast-seo-wordpress\/ -->\n<title>SOLAR Smartgardin med motor - Solar<\/title>\n<meta name=\"description\" content=\"Den motoriserade smarta persienner kan enkelt justeras uppifr\u00e5n och ned med hj\u00e4lp av en mobiltelefon. Monteras p\u00e5 ytan av f\u00f6nsterglaset. L\u00e4s mer h\u00e4r!\" \/>\n<meta name=\"robots\" content=\"index, follow, max-snippet:-1, max-image-preview:large, max-video-preview:-1\" \/>\n<link rel=\"canonical\" href=\"https:\/\/solar.fi\/sv\/produkt\/motoriserad-smarta-persienner\/\" \/>\n<meta property=\"og:locale\" content=\"sv_SE\" \/>\n<meta property=\"og:type\" content=\"article\" \/>\n<meta property=\"og:title\" content=\"SOLAR Smartgardin med motor - Solar\" \/>\n<meta property=\"og:description\" content=\"Den motoriserade smarta persienner kan enkelt justeras uppifr\u00e5n och ned med hj\u00e4lp av en mobiltelefon. Monteras p\u00e5 ytan av f\u00f6nsterglaset. L\u00e4s mer h\u00e4r!\" \/>\n<meta property=\"og:url\" content=\"https:\/\/solar.fi\/sv\/produkt\/motoriserad-smarta-persienner\/\" \/>\n<meta property=\"og:site_name\" content=\"Solar\" \/>\n<meta property=\"article:publisher\" content=\"https:\/\/www.facebook.com\/Solarkaihdin\/\" \/>\n<meta property=\"article:modified_time\" content=\"2026-04-21T08:01:11+00:00\" \/>\n<meta property=\"og:image\" content=\"https:\/\/solar.fi\/wp-content\/uploads\/2023\/06\/moottoroitu-alykaihdin-solar-kaihdin2.jpg\" \/>\n\t<meta property=\"og:image:width\" content=\"1920\" \/>\n\t<meta property=\"og:image:height\" content=\"1080\" \/>\n\t<meta property=\"og:image:type\" content=\"image\/jpeg\" \/>\n<meta name=\"twitter:card\" content=\"summary_large_image\" \/>\n<script type=\"application\/ld+json\" class=\"yoast-schema-graph\">{\"@context\":\"https:\\\/\\\/schema.org\",\"@graph\":[{\"@type\":\"WebPage\",\"@id\":\"https:\\\/\\\/solar.fi\\\/sv\\\/produkt\\\/motoriserad-smarta-persienner\\\/\",\"url\":\"https:\\\/\\\/solar.fi\\\/sv\\\/produkt\\\/motoriserad-smarta-persienner\\\/\",\"name\":\"SOLAR Smartgardin med motor - Solar\",\"isPartOf\":{\"@id\":\"https:\\\/\\\/solar.fi\\\/#website\"},\"primaryImageOfPage\":{\"@id\":\"https:\\\/\\\/solar.fi\\\/sv\\\/produkt\\\/motoriserad-smarta-persienner\\\/#primaryimage\"},\"image\":{\"@id\":\"https:\\\/\\\/solar.fi\\\/sv\\\/produkt\\\/motoriserad-smarta-persienner\\\/#primaryimage\"},\"thumbnailUrl\":\"https:\\\/\\\/solar.fi\\\/wp-content\\\/uploads\\\/2023\\\/06\\\/moottoroitu-alykaihdin-solar-kaihdin2.jpg\",\"datePublished\":\"2023-06-05T12:32:21+00:00\",\"dateModified\":\"2026-04-21T08:01:11+00:00\",\"description\":\"Den motoriserade smarta persienner kan enkelt justeras uppifr\u00e5n och ned med hj\u00e4lp av en mobiltelefon. Monteras p\u00e5 ytan av f\u00f6nsterglaset. L\u00e4s mer h\u00e4r!\",\"breadcrumb\":{\"@id\":\"https:\\\/\\\/solar.fi\\\/sv\\\/produkt\\\/motoriserad-smarta-persienner\\\/#breadcrumb\"},\"inLanguage\":\"sv-SE\",\"potentialAction\":[{\"@type\":\"ReadAction\",\"target\":[\"https:\\\/\\\/solar.fi\\\/sv\\\/produkt\\\/motoriserad-smarta-persienner\\\/\"]}]},{\"@type\":\"ImageObject\",\"inLanguage\":\"sv-SE\",\"@id\":\"https:\\\/\\\/solar.fi\\\/sv\\\/produkt\\\/motoriserad-smarta-persienner\\\/#primaryimage\",\"url\":\"https:\\\/\\\/solar.fi\\\/wp-content\\\/uploads\\\/2023\\\/06\\\/moottoroitu-alykaihdin-solar-kaihdin2.jpg\",\"contentUrl\":\"https:\\\/\\\/solar.fi\\\/wp-content\\\/uploads\\\/2023\\\/06\\\/moottoroitu-alykaihdin-solar-kaihdin2.jpg\",\"width\":1920,\"height\":1080,\"caption\":\"Valkoiset moottoriverhot ikkunaan\"},{\"@type\":\"BreadcrumbList\",\"@id\":\"https:\\\/\\\/solar.fi\\\/sv\\\/produkt\\\/motoriserad-smarta-persienner\\\/#breadcrumb\",\"itemListElement\":[{\"@type\":\"ListItem\",\"position\":1,\"name\":\"Etusivu\",\"item\":\"https:\\\/\\\/solar.fi\\\/sv\\\/\"},{\"@type\":\"ListItem\",\"position\":2,\"name\":\"Produkter\",\"item\":\"https:\\\/\\\/solar.fi\\\/sv\\\/produkter\\\/\"},{\"@type\":\"ListItem\",\"position\":3,\"name\":\"SOLAR Smartgardin med motor\"}]},{\"@type\":\"WebSite\",\"@id\":\"https:\\\/\\\/solar.fi\\\/#website\",\"url\":\"https:\\\/\\\/solar.fi\\\/\",\"name\":\"Solar\",\"description\":\"Love the Sun\",\"publisher\":{\"@id\":\"https:\\\/\\\/solar.fi\\\/#organization\"},\"potentialAction\":[{\"@type\":\"SearchAction\",\"target\":{\"@type\":\"EntryPoint\",\"urlTemplate\":\"https:\\\/\\\/solar.fi\\\/?s={search_term_string}\"},\"query-input\":{\"@type\":\"PropertyValueSpecification\",\"valueRequired\":true,\"valueName\":\"search_term_string\"}}],\"inLanguage\":\"sv-SE\"},{\"@type\":\"Organization\",\"@id\":\"https:\\\/\\\/solar.fi\\\/#organization\",\"name\":\"Solar\",\"url\":\"https:\\\/\\\/solar.fi\\\/\",\"logo\":{\"@type\":\"ImageObject\",\"inLanguage\":\"sv-SE\",\"@id\":\"https:\\\/\\\/solar.fi\\\/#\\\/schema\\\/logo\\\/image\\\/\",\"url\":\"https:\\\/\\\/solar.fi\\\/wp-content\\\/uploads\\\/2019\\\/04\\\/solar-logo.png\",\"contentUrl\":\"https:\\\/\\\/solar.fi\\\/wp-content\\\/uploads\\\/2019\\\/04\\\/solar-logo.png\",\"width\":298,\"height\":132,\"caption\":\"Solar\"},\"image\":{\"@id\":\"https:\\\/\\\/solar.fi\\\/#\\\/schema\\\/logo\\\/image\\\/\"},\"sameAs\":[\"https:\\\/\\\/www.facebook.com\\\/Solarkaihdin\\\/\",\"https:\\\/\\\/www.instagram.com\\\/solarkaihdin\\\/\",\"https:\\\/\\\/fi.pinterest.com\\\/solarkaihdin16\\\/\",\"https:\\\/\\\/www.youtube.com\\\/c\\\/SolarKaihdinKyKalajoki?app=desktop\",\"https:\\\/\\\/fi.linkedin.com\\\/company\\\/solar-kaihdin-oy?trk=similar-pages\",\"https:\\\/\\\/www.tiktok.com\\\/@solarkaihdin\"]}]}<\/script>\n<!-- \/ Yoast SEO plugin. -->","yoast_head_json":{"title":"SOLAR Smartgardin med motor - Solar","description":"Den motoriserade smarta persienner kan enkelt justeras uppifr\u00e5n och ned med hj\u00e4lp av en mobiltelefon. Monteras p\u00e5 ytan av f\u00f6nsterglaset. L\u00e4s mer h\u00e4r!","robots":{"index":"index","follow":"follow","max-snippet":"max-snippet:-1","max-image-preview":"max-image-preview:large","max-video-preview":"max-video-preview:-1"},"canonical":"https:\/\/solar.fi\/sv\/produkt\/motoriserad-smarta-persienner\/","og_locale":"sv_SE","og_type":"article","og_title":"SOLAR Smartgardin med motor - Solar","og_description":"Den motoriserade smarta persienner kan enkelt justeras uppifr\u00e5n och ned med hj\u00e4lp av en mobiltelefon. Monteras p\u00e5 ytan av f\u00f6nsterglaset. L\u00e4s mer h\u00e4r!","og_url":"https:\/\/solar.fi\/sv\/produkt\/motoriserad-smarta-persienner\/","og_site_name":"Solar","article_publisher":"https:\/\/www.facebook.com\/Solarkaihdin\/","article_modified_time":"2026-04-21T08:01:11+00:00","og_image":[{"width":1920,"height":1080,"url":"https:\/\/solar.fi\/wp-content\/uploads\/2023\/06\/moottoroitu-alykaihdin-solar-kaihdin2.jpg","type":"image\/jpeg"}],"twitter_card":"summary_large_image","schema":{"@context":"https:\/\/schema.org","@graph":[{"@type":"WebPage","@id":"https:\/\/solar.fi\/sv\/produkt\/motoriserad-smarta-persienner\/","url":"https:\/\/solar.fi\/sv\/produkt\/motoriserad-smarta-persienner\/","name":"SOLAR Smartgardin med motor - Solar","isPartOf":{"@id":"https:\/\/solar.fi\/#website"},"primaryImageOfPage":{"@id":"https:\/\/solar.fi\/sv\/produkt\/motoriserad-smarta-persienner\/#primaryimage"},"image":{"@id":"https:\/\/solar.fi\/sv\/produkt\/motoriserad-smarta-persienner\/#primaryimage"},"thumbnailUrl":"https:\/\/solar.fi\/wp-content\/uploads\/2023\/06\/moottoroitu-alykaihdin-solar-kaihdin2.jpg","datePublished":"2023-06-05T12:32:21+00:00","dateModified":"2026-04-21T08:01:11+00:00","description":"Den motoriserade smarta persienner kan enkelt justeras uppifr\u00e5n och ned med hj\u00e4lp av en mobiltelefon. Monteras p\u00e5 ytan av f\u00f6nsterglaset. L\u00e4s mer h\u00e4r!","breadcrumb":{"@id":"https:\/\/solar.fi\/sv\/produkt\/motoriserad-smarta-persienner\/#breadcrumb"},"inLanguage":"sv-SE","potentialAction":[{"@type":"ReadAction","target":["https:\/\/solar.fi\/sv\/produkt\/motoriserad-smarta-persienner\/"]}]},{"@type":"ImageObject","inLanguage":"sv-SE","@id":"https:\/\/solar.fi\/sv\/produkt\/motoriserad-smarta-persienner\/#primaryimage","url":"https:\/\/solar.fi\/wp-content\/uploads\/2023\/06\/moottoroitu-alykaihdin-solar-kaihdin2.jpg","contentUrl":"https:\/\/solar.fi\/wp-content\/uploads\/2023\/06\/moottoroitu-alykaihdin-solar-kaihdin2.jpg","width":1920,"height":1080,"caption":"Valkoiset moottoriverhot ikkunaan"},{"@type":"BreadcrumbList","@id":"https:\/\/solar.fi\/sv\/produkt\/motoriserad-smarta-persienner\/#breadcrumb","itemListElement":[{"@type":"ListItem","position":1,"name":"Etusivu","item":"https:\/\/solar.fi\/sv\/"},{"@type":"ListItem","position":2,"name":"Produkter","item":"https:\/\/solar.fi\/sv\/produkter\/"},{"@type":"ListItem","position":3,"name":"SOLAR Smartgardin med motor"}]},{"@type":"WebSite","@id":"https:\/\/solar.fi\/#website","url":"https:\/\/solar.fi\/","name":"Solar","description":"Love the Sun","publisher":{"@id":"https:\/\/solar.fi\/#organization"},"potentialAction":[{"@type":"SearchAction","target":{"@type":"EntryPoint","urlTemplate":"https:\/\/solar.fi\/?s={search_term_string}"},"query-input":{"@type":"PropertyValueSpecification","valueRequired":true,"valueName":"search_term_string"}}],"inLanguage":"sv-SE"},{"@type":"Organization","@id":"https:\/\/solar.fi\/#organization","name":"Solar","url":"https:\/\/solar.fi\/","logo":{"@type":"ImageObject","inLanguage":"sv-SE","@id":"https:\/\/solar.fi\/#\/schema\/logo\/image\/","url":"https:\/\/solar.fi\/wp-content\/uploads\/2019\/04\/solar-logo.png","contentUrl":"https:\/\/solar.fi\/wp-content\/uploads\/2019\/04\/solar-logo.png","width":298,"height":132,"caption":"Solar"},"image":{"@id":"https:\/\/solar.fi\/#\/schema\/logo\/image\/"},"sameAs":["https:\/\/www.facebook.com\/Solarkaihdin\/","https:\/\/www.instagram.com\/solarkaihdin\/","https:\/\/fi.pinterest.com\/solarkaihdin16\/","https:\/\/www.youtube.com\/c\/SolarKaihdinKyKalajoki?app=desktop","https:\/\/fi.linkedin.com\/company\/solar-kaihdin-oy?trk=similar-pages","https:\/\/www.tiktok.com\/@solarkaihdin"]}]}},"_links":{"self":[{"href":"https:\/\/solar.fi\/sv\/wp-json\/wp\/v2\/product\/76652","targetHints":{"allow":["GET"]}}],"collection":[{"href":"https:\/\/solar.fi\/sv\/wp-json\/wp\/v2\/product"}],"about":[{"href":"https:\/\/solar.fi\/sv\/wp-json\/wp\/v2\/types\/product"}],"replies":[{"embeddable":true,"href":"https:\/\/solar.fi\/sv\/wp-json\/wp\/v2\/comments?post=76652"}],"wp:featuredmedia":[{"embeddable":true,"href":"https:\/\/solar.fi\/sv\/wp-json\/wp\/v2\/media\/67700"}],"wp:attachment":[{"href":"https:\/\/solar.fi\/sv\/wp-json\/wp\/v2\/media?parent=76652"}],"wp:term":[{"taxonomy":"product_brand","embeddable":true,"href":"https:\/\/solar.fi\/sv\/wp-json\/wp\/v2\/product_brand?post=76652"},{"taxonomy":"product_cat","embeddable":true,"href":"https:\/\/solar.fi\/sv\/wp-json\/wp\/v2\/product_cat?post=76652"},{"taxonomy":"product_tag","embeddable":true,"href":"https:\/\/solar.fi\/sv\/wp-json\/wp\/v2\/product_tag?post=76652"}],"curies":[{"name":"wp","href":"https:\/\/api.w.org\/{rel}","templated":true}]}}