{"id":84549,"date":"2025-04-16T10:55:10","date_gmt":"2025-04-16T07:55:10","guid":{"rendered":"https:\/\/solar.fi\/?page_id=84549"},"modified":"2025-04-16T10:55:14","modified_gmt":"2025-04-16T07:55:14","slug":"forbattra-din-somn-med-morklaggningsgardiner","status":"publish","type":"page","link":"https:\/\/solar.fi\/sv\/persienner\/morklaggningsgardiner\/forbattra-din-somn-med-morklaggningsgardiner\/","title":{"rendered":"F\u00f6rb\u00e4ttra din s\u00f6mn med m\u00f6rkl\u00e4ggningsgardiner"},"content":{"rendered":"\n\n<section id=\"block_eb212960735913c446a5801c16a36224\" class=\"block-hero\">\n\n  <div class=\"container\">\n          <div class=\"relative min-h-[540px] flex items-end justify-start\">\n        <div class=\"absolute inset-0 w-full h-full bg-dark-layer z-10 rounded-[20px]\"><\/div>\n        <figure class=\"absolute inset-0 w-full\">\n          <img loading=\"lazy\" decoding=\"async\" width=\"768\" height=\"548\" src=\"https:\/\/solar.fi\/wp-content\/uploads\/2023\/06\/solar-uni-pimennyskaihdin.jpeg\" class=\"w-full h-full object-cover rounded-[20px]\" alt=\"T\u00e4ydellisesti piment\u00e4v\u00e4t Solar Moon-pimennyskaihtimet\" style=\"object-position: 38% 62.67%;\" srcset=\"https:\/\/solar.fi\/wp-content\/uploads\/2023\/06\/solar-uni-pimennyskaihdin.jpeg 1200w, https:\/\/solar.fi\/wp-content\/uploads\/2023\/06\/solar-uni-pimennyskaihdin-150x107.jpeg 150w, https:\/\/solar.fi\/wp-content\/uploads\/2023\/06\/solar-uni-pimennyskaihdin-720x514.jpeg 720w, https:\/\/solar.fi\/wp-content\/uploads\/2023\/06\/solar-uni-pimennyskaihdin-450x321.jpeg 450w, https:\/\/solar.fi\/wp-content\/uploads\/2023\/06\/solar-uni-pimennyskaihdin-600x428.jpeg 600w\" sizes=\"auto, (max-width: 768px) 100vw, 768px\" \/>        <\/figure>\n        <div class=\"relative z-20 p-8 text-white max-w-[550px]\">\n                      <h2 class=\"h1\">Anna p\u00e4iv\u00e4n paistaa<\/h2>                                <p><span class=\"lead\">Pimenn\u00e4 huoneesi\u00a0t\u00e4ydellisesti SOLAR Moon -kaihtimilla ja nuku kuin tukki.<\/span><\/p>\n                  <\/div>\n      <\/div>\n      <\/div>\n\n\n<\/section>\n\n\n\n<section id=\"block_1e4777d8cef6e7412de7e0ddf55f3e2d\" class=\"block-hero-alt relative pt-4 md:pt-6 lg:pt-8 pb-4 md:pb-6 lg:pb-8\">\n  <div class=\"container\">\n\n    <div class=\"grid grid-cols-1 md:grid-cols-12 gap-4 md:gap-8 items-start\">\n\n      <div class=\"md:col-span-6 md:h-full\">\n        <div class=\"bg-[#cee1f0] rounded-[20px] p-8 md:pt-32 md:p-12 relative -mt-12 md:mt-0 md:h-full\">\n                      <h2 class=\"default\">Ikkunasta tuleva valo h\u00e4iritsee untasi<\/h2>                                  <p class=\"has-text-align-center\" style=\"text-align: left;\">P\u00e4iv\u00e4nvalo ja katulamppujen loiste tunkeutuvat makuuhuoneeseen ja h\u00e4iritsev\u00e4t nukahtamista sek\u00e4 heikent\u00e4v\u00e4t unenlaatua.<\/p>\n<p class=\"has-text-align-center\" style=\"text-align: left;\">Sulje valo ulos piment\u00e4m\u00e4ll\u00e4 huone 100 %:sti, niin saat hyv\u00e4t (y\u00f6)unet ja parannat jaksamistasi arjessa.<\/p>\n<p class=\"has-text-align-center\" style=\"text-align: left;\"><strong>Valitse kotiisi markkinoiden parhaiten piment\u00e4v\u00e4 kaihdinratkaisu SOLAR Moon.<\/strong><\/p>\n<p style=\"text-align: left;\"><a class=\"btn btn-primary\" href=\"https:\/\/solar.fi\/taydellisesti-pimentava-kaihdin\/#tilaa\">Tilaa pimennyskaihtimet<\/a><\/p>\n                  <\/div>\n      <\/div>\n\n      <div class=\"md:col-span-6 relative h-full order-first md:order-last\">\n        <figure class=\"h-full w-full\" data-aos=\"zoom-in\" data-aos-delay=\"100\" data-aos-duration=\"500\">\n          <img loading=\"lazy\" decoding=\"async\" width=\"768\" height=\"768\" src=\"https:\/\/solar.fi\/wp-content\/uploads\/2022\/11\/valkoinen-pimennysverho-ikkunan-valiin.jpg\" class=\"w-full h-full object-cover rounded-[20px]\" alt=\"Vaaleat pimennysverhot ikkunan v\u00e4liss\u00e4\" style=\"object-position: 50% 50%;\" srcset=\"https:\/\/solar.fi\/wp-content\/uploads\/2022\/11\/valkoinen-pimennysverho-ikkunan-valiin.jpg 1080w, https:\/\/solar.fi\/wp-content\/uploads\/2022\/11\/valkoinen-pimennysverho-ikkunan-valiin-150x150.jpg 150w, https:\/\/solar.fi\/wp-content\/uploads\/2022\/11\/valkoinen-pimennysverho-ikkunan-valiin-720x720.jpg 720w, https:\/\/solar.fi\/wp-content\/uploads\/2022\/11\/valkoinen-pimennysverho-ikkunan-valiin-450x450.jpg 450w, https:\/\/solar.fi\/wp-content\/uploads\/2022\/11\/valkoinen-pimennysverho-ikkunan-valiin-300x300.jpg 300w, https:\/\/solar.fi\/wp-content\/uploads\/2022\/11\/valkoinen-pimennysverho-ikkunan-valiin-400x400.jpg 400w, https:\/\/solar.fi\/wp-content\/uploads\/2022\/11\/valkoinen-pimennysverho-ikkunan-valiin-600x600.jpg 600w, https:\/\/solar.fi\/wp-content\/uploads\/2022\/11\/valkoinen-pimennysverho-ikkunan-valiin-100x100.jpg 100w\" sizes=\"auto, (max-width: 768px) 100vw, 768px\" \/>        <\/figure>\n      <\/div>\n\n    <\/div>\n\n  <\/div>\n<\/section>\n\n\n\n\n<section id=\"block_04b4cc9733514e1ae9a9fbb2bc589593\" class=\"block-carousel overflow-hidden all pt-4 md:pt-6 lg:pt-8 pb-4 md:pb-6 lg:pb-8\">\n\n  <div class=\"container relative pb-16 md:pb-0\">\n\n    <div class=\"flex justify-between items-center gap-8 slider-title-wrap\">\n      <div>\n              <\/div>\n      <div class=\"flex justify-end absolute md:relative z-20 bottom-0 right-6\">\n        <div class=\"flex space-x-4\">\n          <button class=\"items-prev rounded-full w-[45px] h-[45px] border-2 border-black cursor-pointer bg-white text-black text-2xl flex items-center justify-center\">\n            <i class=\"fa-sharp fa-regular fa-angle-left\"><\/i>\n          <\/button>\n          <button class=\"items-next rounded-full w-[45px] h-[45px] border-2 border-black cursor-pointer bg-white text-black text-2xl flex items-center justify-center\">\n            <i class=\"fa-sharp fa-regular fa-angle-right\"><\/i>\n          <\/button>\n        <\/div>\n      <\/div>\n    <\/div>\n    \n\n          \n      \n        <div class=\"swiper item-slider-expanding !overflow-visible\">\n          <div class=\"swiper-wrapper pb-10\">\n            \n                              <div class=\"swiper-slide\">\n                  <div class=\"relative min-h-[540px] flex items-end justify-start\">\n                                          <div class=\"absolute inset-0 w-full h-full bg-dark-layer z-20 rounded-[20px]\"><\/div>\n                                                              <figure class=\"absolute inset-0 w-full\">\n                        <img loading=\"lazy\" decoding=\"async\" width=\"768\" height=\"1152\" src=\"https:\/\/solar.fi\/wp-content\/uploads\/2025\/03\/2025-01-28_Solar_Kaihdin_SOME-15.jpg\" class=\"w-full h-full object-cover rounded-[20px]\" alt=\"\" style=\"object-position: 78.4% 35.94%;\" srcset=\"https:\/\/solar.fi\/wp-content\/uploads\/2025\/03\/2025-01-28_Solar_Kaihdin_SOME-15.jpg 1365w, https:\/\/solar.fi\/wp-content\/uploads\/2025\/03\/2025-01-28_Solar_Kaihdin_SOME-15-960x1440.jpg 960w, https:\/\/solar.fi\/wp-content\/uploads\/2025\/03\/2025-01-28_Solar_Kaihdin_SOME-15-100x150.jpg 100w, https:\/\/solar.fi\/wp-content\/uploads\/2025\/03\/2025-01-28_Solar_Kaihdin_SOME-15-480x720.jpg 480w, https:\/\/solar.fi\/wp-content\/uploads\/2025\/03\/2025-01-28_Solar_Kaihdin_SOME-15-300x450.jpg 300w, https:\/\/solar.fi\/wp-content\/uploads\/2025\/03\/2025-01-28_Solar_Kaihdin_SOME-15-600x900.jpg 600w\" sizes=\"auto, (max-width: 768px) 100vw, 768px\" \/>                      <\/figure>\n                                                            <div class=\"relative z-30 p-8 text-white max-w-[550px]\">\n                                              <h2 class=\"default\">Pimenn\u00e4 huone 100%<\/h2>                                                                    <p>Ikkunan v\u00e4liin asennettu musta SOLAR Moon ja mustat pimennyslistat piment\u00e4v\u00e4t huoneen t\u00e4ydellisesti.<\/p>\n                                                                <\/div>\n                  <\/div>\n                <\/div>\n                            \n            \n                              <div class=\"swiper-slide\">\n                  <div class=\"relative min-h-[540px] flex items-end justify-start\">\n                                          <div class=\"absolute inset-0 w-full h-full bg-dark-layer z-20 rounded-[20px]\"><\/div>\n                                                              <figure class=\"absolute inset-0 w-full\">\n                        <img loading=\"lazy\" decoding=\"async\" width=\"768\" height=\"526\" src=\"https:\/\/solar.fi\/wp-content\/uploads\/2021\/03\/pimennysverhon-valintaan-vaikuttavat-tekijat-1.jpg\" class=\"w-full h-full object-cover rounded-[20px]\" alt=\"Pimennysverhon valintaan vaikuttavat mm. piment\u00e4vyys, v\u00e4ritvaihtoehdot, sopivuus ikkunoihin ja l\u00e4mm\u00f6nvaihteluiden erist\u00e4vyys.\" style=\"object-position: 50% 50%;\" srcset=\"https:\/\/solar.fi\/wp-content\/uploads\/2021\/03\/pimennysverhon-valintaan-vaikuttavat-tekijat-1.jpg 2233w, https:\/\/solar.fi\/wp-content\/uploads\/2021\/03\/pimennysverhon-valintaan-vaikuttavat-tekijat-1-1440x987.jpg 1440w, https:\/\/solar.fi\/wp-content\/uploads\/2021\/03\/pimennysverhon-valintaan-vaikuttavat-tekijat-1-150x103.jpg 150w, https:\/\/solar.fi\/wp-content\/uploads\/2021\/03\/pimennysverhon-valintaan-vaikuttavat-tekijat-1-720x493.jpg 720w, https:\/\/solar.fi\/wp-content\/uploads\/2021\/03\/pimennysverhon-valintaan-vaikuttavat-tekijat-1-2048x1403.jpg 2048w, https:\/\/solar.fi\/wp-content\/uploads\/2021\/03\/pimennysverhon-valintaan-vaikuttavat-tekijat-1-450x308.jpg 450w, https:\/\/solar.fi\/wp-content\/uploads\/2021\/03\/pimennysverhon-valintaan-vaikuttavat-tekijat-1-600x411.jpg 600w\" sizes=\"auto, (max-width: 768px) 100vw, 768px\" \/>                      <\/figure>\n                                                            <div class=\"relative z-30 p-8 text-white max-w-[550px]\">\n                                              <h2 class=\"default\">Nuku paremmin<\/h2>                                                                    <p>Ihminen nukkuu pime\u00e4ss\u00e4 laadukkaampaa ja syvemp\u00e4\u00e4 unta, mik\u00e4 antaa energiaa arkeen.<\/p>\n                                                                <\/div>\n                  <\/div>\n                <\/div>\n                            \n            \n                              <div class=\"swiper-slide\">\n                  <div class=\"relative min-h-[540px] flex items-end justify-start\">\n                                          <div class=\"absolute inset-0 w-full h-full bg-dark-layer z-20 rounded-[20px]\"><\/div>\n                                                              <figure class=\"absolute inset-0 w-full\">\n                        <img loading=\"lazy\" decoding=\"async\" width=\"768\" height=\"1152\" src=\"https:\/\/solar.fi\/wp-content\/uploads\/2022\/02\/Pimennysverho-pimennys-johteilla-scaled.jpg\" class=\"w-full h-full object-cover rounded-[20px]\" alt=\"Harmaat pimennysverhot ikkunaan\" style=\"object-position: 56% 60%;\" srcset=\"https:\/\/solar.fi\/wp-content\/uploads\/2022\/02\/Pimennysverho-pimennys-johteilla-scaled.jpg 1707w, https:\/\/solar.fi\/wp-content\/uploads\/2022\/02\/Pimennysverho-pimennys-johteilla-scaled-960x1440.jpg 960w, https:\/\/solar.fi\/wp-content\/uploads\/2022\/02\/Pimennysverho-pimennys-johteilla-scaled-100x150.jpg 100w, https:\/\/solar.fi\/wp-content\/uploads\/2022\/02\/Pimennysverho-pimennys-johteilla-scaled-480x720.jpg 480w, https:\/\/solar.fi\/wp-content\/uploads\/2022\/02\/Pimennysverho-pimennys-johteilla-scaled-1366x2048.jpg 1366w, https:\/\/solar.fi\/wp-content\/uploads\/2022\/02\/Pimennysverho-pimennys-johteilla-scaled-300x450.jpg 300w, https:\/\/solar.fi\/wp-content\/uploads\/2022\/02\/Pimennysverho-pimennys-johteilla-scaled-600x900.jpg 600w\" sizes=\"auto, (max-width: 768px) 100vw, 768px\" \/>                      <\/figure>\n                                                            <div class=\"relative z-30 p-8 text-white max-w-[550px]\">\n                                              <h2 class=\"default\">S\u00e4\u00e4st\u00e4 energiakuluissa<\/h2>                                                                    <p>Pimennyskaihtimen kennokankaassa on erist\u00e4v\u00e4t ilmataskut, jotka pit\u00e4v\u00e4t talvella kylm\u00e4n ja kes\u00e4ll\u00e4 kuuman ulkona.<\/p>\n                                                                <\/div>\n                  <\/div>\n                <\/div>\n                            \n                      <\/div>\n          <div class=\"swiper-scrollbar items-scrollbar\"><\/div>\n        <\/div>\n\n              \n  <\/div>\n\n\n<\/section>\n\n\n\n\n<section id=\"block_5aa838785a452aed21997e9f54fd9fae\" class=\"block-cta all pt-4 md:pt-6 lg:pt-8 pb-4 md:pb-6 lg:pb-8\">\n  <div class=\"container\">\n\n    <div class=\"bg-[#cee1f0] rounded-[20px] p-8 md:p-12\">\n      <div class=\"max-w-[500px] mx-auto text-center\">\n                  <h2 class=\"h3\">Tied\u00e4mme, kuinka suuri merkitys unella on hyvinvoinnille, koska olemme itsekin kokeneet sen arjessamme.<\/h2>                          <p><span class=\"lead\">T\u00e4ydellisesti piment\u00e4v\u00e4t<\/span><\/p>\n<p><span class=\"lead\">Suomessa valmistettu \u2013 Avainlipputuote<\/span><\/p>\n<p><span class=\"lead\">35 vuoden kokemuksella<\/span><\/p>\n<p><a class=\"btn btn-primary\" href=\"https:\/\/solar.fi\/taydellisesti-pimentava-kaihdin\/#tilaa\">Tilaa pimennyskaihtimet<\/a><\/p>\n                              <\/div>\n    <\/div>\n    \n  <\/div>\n<\/section>\n\n\n\n\n<section id=\"block_155bad5fbe7441e97dc34cafcf47c9b8\" class=\"block-listing-products overflow-hidden relative pt-4 md:pt-6 lg:pt-8 pb-4 md:pb-6 lg:pb-8\">\n  <div class=\"container relative pb-16 md:pb-0\">\n\n\t\t<div class=\"flex justify-between items-center gap-8 slider-title-wrap\">\n              <div class=\"w-full grid md:grid-cols-12\">\n\t\t\t\t\t<div class=\"grid md:col-start-3 md:col-span-8 md:grid-cols-2\"><h2 class=\"default\">Tilaa verkkokaupasta SOLAR-pimennyskaihtimet<\/h2><\/div>\n\t\t\t\t<\/div>\n\t\t\t\t\t\t    <\/div>\n\n\t\t\n\t\t\t\n\t\t\t\t<div class=\"grid grid-cols-1 md:grid-cols-12 gap-8\">\n\t\t\t\t\t<div class=\"grid grid-cols-1 gap-8 md:col-start-3 md:col-span-8 md:grid-cols-2\">\n\t\t\t\t\t\t\t\t\t\t\t<div>\n\t\t\t\t\t\t\t\n<div class=\"card-product bg-white rounded-[20px] shadow-lg hover:shadow-2xl transition duration-300 group h-full\">\n    <a href=\"https:\/\/solar.fi\/sv\/produkt\/solar-moon-morklaggningsgardin-mellan-fonsterglas\/\">\n            <div class=\"relative\">\n            \n \n            <img decoding=\"async\" class=\"absolute top-4 right-4 z-50 w-[50px] h-auto\" src=\"https:\/\/solar.fi\/wp-content\/themes\/solar\/assets\/images\/avainlippu.png\" alt=\"Avainlippu\">\n            <figure class=\"aspect-w-1 aspect-h-1 w-full\">\n                <img decoding=\"async\" class=\"w-full !h-full rounded-t-[20px] object-cover\" alt=\"Musta pimennysverho ikkunan v\u00e4liin\" src=\"https:\/\/solar.fi\/wp-content\/uploads\/2025\/04\/Moon-pimennysverho-musta-720x720.png\">\n            <\/figure>\n        <\/div>\n        <div class=\"p-4 sm:p-8 text-black woocommerce\">\n        <span class=\"block font-bold text-base sm:text-lg\">SOLAR Moon M\u00f6rkl\u00e4ggningsgardin mellan f\u00f6nsterglas<\/span>\n                    <p class=\"text-sm\">Marknadens mest effektiva m\u00f6rkl\u00e4ggningsgardin. SOLAR Moon \u00e4r en 100 %&hellip;<\/p>\n                                    <div class=\"my-2\">\n                <div class=\"star-rating\" role=\"img\" aria-label=\"Betygsatt 4.85 av 5\"><span style=\"width:97%\">Betygsatt <strong class=\"rating\">4.85<\/strong> av 5<\/span><\/div>            <\/div>\n                <div class=\"flex items-center justify-between gap-2\">\n            <div>\n                                    <span class=\"price\">Fr\u00e5n 80 \u20ac<\/span>\n                            <\/div>\n            <button href=\"https:\/\/solar.fi\/sv\/produkt\/solar-moon-morklaggningsgardin-mellan-fonsterglas\/\" class=\"btn btn-primary\">K\u00f6pa <i class=\"fa-regular fa-bag-shopping\"><\/i><\/button>\n        <\/div>\n    <\/div>\n    <\/a>\n<\/div>\n\t\t\t\t\t\t<\/div>\n\t\t\t\t\t\t\t\t\t\t\t<div>\n\t\t\t\t\t\t\t\n<div class=\"card-product bg-white rounded-[20px] shadow-lg hover:shadow-2xl transition duration-300 group h-full\">\n    <a href=\"https:\/\/solar.fi\/sv\/produkt\/solar-morklaggningsgardin-pa-glasytor-fonster-dorr\/\">\n            <div class=\"relative\">\n            \n \n            <img decoding=\"async\" class=\"absolute top-4 right-4 z-50 w-[50px] h-auto\" src=\"https:\/\/solar.fi\/wp-content\/themes\/solar\/assets\/images\/avainlippu.png\" alt=\"Avainlippu\">\n            <figure class=\"aspect-w-1 aspect-h-1 w-full\">\n                <img decoding=\"async\" class=\"w-full !h-full rounded-t-[20px] object-cover\" alt=\"Musta vekkikaihdin ikkunaan\" src=\"https:\/\/solar.fi\/wp-content\/uploads\/2025\/04\/musta-vekkikaihdin-musta-johde-720x424.jpg\">\n            <\/figure>\n        <\/div>\n        <div class=\"p-4 sm:p-8 text-black woocommerce\">\n        <span class=\"block font-bold text-base sm:text-lg\">SOLAR M\u00f6rkl\u00e4ggningsgardin p\u00e5 glasytor f\u00f6nster &#038; d\u00f6rr<\/span>\n                    <p class=\"text-sm\">M\u00f6rkl\u00e4ggningsgardin som kan justeras b\u00e5de uppifr\u00e5n och nerifr\u00e5n. Perfekt f\u00f6r&hellip;<\/p>\n                                <div class=\"flex items-center justify-between gap-2\">\n            <div>\n                                                                <span class=\"price\"><span class=\"woocommerce-Price-amount amount\"><bdi>175,41&nbsp;<span class=\"woocommerce-Price-currencySymbol\">&euro;<\/span><\/bdi><\/span><\/span>\n                                                                        <\/div>\n            <button href=\"https:\/\/solar.fi\/sv\/produkt\/solar-morklaggningsgardin-pa-glasytor-fonster-dorr\/\" class=\"btn btn-primary\">K\u00f6pa <i class=\"fa-regular fa-bag-shopping\"><\/i><\/button>\n        <\/div>\n    <\/div>\n    <\/a>\n<\/div>\n\t\t\t\t\t\t<\/div>\n\t\t\t\t\t\t\t\t\t\t<\/div>\n\t\t\t\t<\/div>\n\n\t\t\t\n\t\t\n  <\/div>\n\n<\/section>\n\n\n\n\n\n\n\n\n<section id=\"block_f3f71b43aee527023d7f3a987652e294\" class=\"block-experttineuvonta all pt-4 md:pt-6 lg:pt-8 pb-4 md:pb-6 lg:pb-8\">\n  <div class=\"container grid grid-cols-1 md:grid-cols-2 lg:grid-cols-4 gap-8\">\n\n    <div>\n              <h2 class=\"default\">Asiantuntija apuna tilauksessa<\/h2>                    <p>Varaa maksuton Experttineuvonta, jossa asiantuntijamme auttaa sinua tuotevalinnoissa sek\u00e4 opastaa tarkkojen mittojen ottamisessa.<\/p>\n                    <a class=\"btn btn-primary\" href=\"#\" target=\"_self\">Varaa nyt!<\/a>\n          <\/div>\n\n                  <div class=\"bg-[#cee1f0] rounded-[20px] p-8 pt-16 md:pt-32 relative\" data-aos=\"zoom-in\" data-aos-delay=\"200\" data-aos-duration=\"500\">\n          <span class=\"block absolute top-4 left-4 bg-white text-primary-500 rounded-[20px] py-1 px-2\">Steg 1<\/span>\n                      <span class=\"block text-[24px]\"><i class=\"fa-classic fa-regular fa-comments\" aria-hidden=\"true\"><\/i><\/span>\n                                <h3>Et\u00e4tapaaminen<\/h3>\n                                Kartoitamme yhdess\u00e4, kuinka voisimme tehd\u00e4 kodistasi viihtyis\u00e4mm\u00e4n SOLAR-tuotteiden avulla.                  <\/div>\n        \n              <div class=\"bg-[#cee1f0] rounded-[20px] p-8 pt-16 md:pt-32 relative\" data-aos=\"zoom-in\" data-aos-delay=\"400\" data-aos-duration=\"500\">\n          <span class=\"block absolute top-4 left-4 bg-white text-primary-500 rounded-[20px] py-1 px-2\">Steg 2<\/span>\n                      <span class=\"block text-[24px]\"><i class=\"fa-classic fa-solid fa-ruler\" aria-hidden=\"true\"><\/i><\/span>\n                                <h3>Mittaaminen<\/h3>\n                                Autamme tarkkojen mittojen ottamisessa ja tilauksen tekemisess\u00e4.                  <\/div>\n        \n              <div class=\"bg-[#cee1f0] rounded-[20px] p-8 pt-16 md:pt-32 relative\" data-aos=\"zoom-in\" data-aos-delay=\"600\" data-aos-duration=\"500\">\n          <span class=\"block absolute top-4 left-4 bg-white text-primary-500 rounded-[20px] py-1 px-2\">Steg 3<\/span>\n                      <span class=\"block text-[24px]\"><i class=\"fa-classic fa-solid fa-check\" aria-hidden=\"true\"><\/i><\/span>\n                                <h3>Valmista<\/h3>\n                                Saat kaihtimet kotiisi ja p\u00e4\u00e4set heti nauttimaan viihtyis\u00e4st\u00e4 kodista.                  <\/div>\n        \n              \n  <\/div>\n<\/section>\n\n\n\n<section id=\"block_9454280fcb66d52bd514f0523b25f03b\" class=\"block-image-text relative pt-4 md:pt-6 lg:pt-8 pb-4 md:pb-6 lg:pb-8\">\n  <div class=\"container\">\n\n    <div class=\"grid grid-cols-1 md:grid-cols-12 md:gap-8 items-center\">\n\n      <div class=\"md:col-span-6 order-first relative\">\n        <figure class=\"aspect-w-4 aspect-h-3\" data-aos=\"zoom-in\" data-aos-delay=\"200\" data-aos-duration=\"1000\">\n          <img loading=\"lazy\" decoding=\"async\" width=\"768\" height=\"1152\" src=\"https:\/\/solar.fi\/wp-content\/uploads\/2023\/11\/Solar-Moon-pimennyskaihdin-1.jpg\" class=\"w-full !h-full object-cover rounded-[20px]\" alt=\"Ikkunan v\u00e4liin asennettavat pimennysverhot piment\u00e4\u00e4 t\u00e4ydellisesti\" style=\"object-position: 50% 50%;\" srcset=\"https:\/\/solar.fi\/wp-content\/uploads\/2023\/11\/Solar-Moon-pimennyskaihdin-1.jpg 1365w, https:\/\/solar.fi\/wp-content\/uploads\/2023\/11\/Solar-Moon-pimennyskaihdin-1-960x1440.jpg 960w, https:\/\/solar.fi\/wp-content\/uploads\/2023\/11\/Solar-Moon-pimennyskaihdin-1-100x150.jpg 100w, https:\/\/solar.fi\/wp-content\/uploads\/2023\/11\/Solar-Moon-pimennyskaihdin-1-480x720.jpg 480w, https:\/\/solar.fi\/wp-content\/uploads\/2023\/11\/Solar-Moon-pimennyskaihdin-1-300x450.jpg 300w, https:\/\/solar.fi\/wp-content\/uploads\/2023\/11\/Solar-Moon-pimennyskaihdin-1-600x900.jpg 600w\" sizes=\"auto, (max-width: 768px) 100vw, 768px\" \/>        <\/figure>\n      <\/div>\n\n      <div class=\"md:col-span-6\">\n        <div class=\"pt-8 md:py-8\">\n                      <h2 class=\"default\">Anna siis p\u00e4iv\u00e4n paistaa<\/h2>                                  <p>Kun valitset t\u00e4ydellisesti piment\u00e4v\u00e4t SOLAR Moon-kaihtimet, nukut kuin tukki vuorokaudenajasta riippumatta.<\/p>\n<p>Markkinoiden tehokkaimmin piment\u00e4v\u00e4t pimennyskaihtimet sulkevat pois kaiken ulkoa tulevan valon.<\/p>\n<p>Ikkunan v\u00e4liin asennettuna kaihdin antaa markkinoiden pimeimm\u00e4n lopputuloksen ja se on suunniteltu yleisimp\u00e4\u00e4n Suomessa k\u00e4ytettyyn ikkunatyyppiin.<\/p>\n<p>SOLAR -pimennyskaihtimet toimivat tehokkaasti kaikenlaisiin ikkunoihin ja on mahdollista asentaa my\u00f6s ikkunan tai oven pintaan.<\/p>\n                  <\/div>\n      <\/div>\n\n    <\/div>\n\n  <\/div>\n<\/section>\n\n\n\n\n<section id=\"block_606bba980cbd62ce40ee39e6eec5ceff\" class=\"block-figure-image pt-4 md:pt-6 lg:pt-8 pb-4 md:pb-6 lg:pb-8 relative\">\n  <div class=\"container\">\n\n    <div class=\"grid md:grid-cols-12 gap-10\">\n\n      <div class=\"col-span-full md:col-span-8 md:col-start-3 overflow-hidden\">\n\n                  <div><h2 class=\"default\">Milt\u00e4 piment\u00e4v\u00e4t SOLAR-kaihtimet tuntuvat kuukauden k\u00e4yt\u00f6n j\u00e4lkeen? Katso asiakkaamme tarina:<\/h2><\/div>\n        \n        \n          <div class=\"\">\n            <figure class=\"aspect-w-16 aspect-h-9\">\n              <iframe loading=\"lazy\" title=\"Helj\u00e4n asiakaskokemus SOLAR pimennyskaihtimista\" width=\"640\" height=\"360\" src=\"https:\/\/www.youtube.com\/embed\/Tnlo19c0zYU?feature=oembed&#038;controls=1&#038;hd=1&#038;autohide=1\" frameborder=\"0\" allow=\"accelerometer; autoplay; clipboard-write; encrypted-media; gyroscope; picture-in-picture; web-share\" referrerpolicy=\"strict-origin-when-cross-origin\" allowfullscreen frameborder=\"0\"><\/iframe>            <\/figure>\n          <\/div>\n\n        \n      <\/div>\n    <\/div>\n\n  <\/div>\n<\/section>\n\n\n\n\n\n\n\n\n<section id=\"block_ad9c844b687e4d3cb5c43ef490dfcb3d\" class=\"block-keypoints all pt-4 md:pt-6 lg:pt-8 pb-4 md:pb-6 lg:pb-8\">\n  <div class=\"container\">\n\n    \n    <div class=\"bg-[#cee1f0] rounded-[20px] p-12\">\n              <div class=\"grid md:grid-cols-3 gap-8\">\n                      <div>\n                              <span class=\"block text-[24px]\"><i class=\"fa-classic fa-solid fa-shield\" aria-hidden=\"true\"><\/i><\/span>\n                                            <h3>5 vuoden takuu<\/h3>\n                                            Kaikki tuotteemme ovat niin korkealaatuisia, ett\u00e4 my\u00f6nn\u00e4mme niille 5 vuoden takuun.                          <\/div>\n            \n                      <div>\n                              <span class=\"block text-[24px]\"><i class=\"fa-classic fa-solid fa-arrows-left-right-to-line\" aria-hidden=\"true\"><\/i><\/span>\n                                            <h3>Mittatilausty\u00f6t\u00e4<\/h3>\n                                            Ei ole ikkunaa mihin emme voisi valmistaa sopivaa kaihdinta. Teemme tuotteet aina mittojen mukaan.                          <\/div>\n            \n                      <div>\n                              <span class=\"block text-[24px]\"><i class=\"fa-classic fa-regular fa-flag\" aria-hidden=\"true\"><\/i><\/span>\n                                            <h3>Kotimaista<\/h3>\n                                            Solar Kaihtimen kaikki tuotteet valmistetaan mittatilausty\u00f6n\u00e4 Kalajoella, omalla tehtaallamme.                          <\/div>\n            \n                  <\/div>\n          <\/div>\n    \n  <\/div>\n<\/section>\n","protected":false},"excerpt":{"rendered":"","protected":false},"author":987,"featured_media":0,"parent":76628,"menu_order":0,"comment_status":"closed","ping_status":"closed","template":"","meta":{"_acf_changed":false,"inline_featured_image":false,"footnotes":""},"class_list":["post-84549","page","type-page","status-publish","hentry"],"acf":[],"yoast_head":"<!-- This site is optimized with the Yoast SEO plugin v27.3 - https:\/\/yoast.com\/product\/yoast-seo-wordpress\/ -->\n<title>F\u00f6rb\u00e4ttra din s\u00f6mn med m\u00f6rkl\u00e4ggningsgardiner - Solar<\/title>\n<meta name=\"robots\" content=\"index, follow, max-snippet:-1, max-image-preview:large, max-video-preview:-1\" \/>\n<link rel=\"canonical\" href=\"https:\/\/solar.fi\/sv\/persienner\/morklaggningsgardiner\/forbattra-din-somn-med-morklaggningsgardiner\/\" \/>\n<meta property=\"og:locale\" content=\"sv_SE\" \/>\n<meta property=\"og:type\" content=\"article\" \/>\n<meta property=\"og:title\" content=\"F\u00f6rb\u00e4ttra din s\u00f6mn med m\u00f6rkl\u00e4ggningsgardiner - Solar\" \/>\n<meta property=\"og:url\" content=\"https:\/\/solar.fi\/sv\/persienner\/morklaggningsgardiner\/forbattra-din-somn-med-morklaggningsgardiner\/\" \/>\n<meta property=\"og:site_name\" content=\"Solar\" \/>\n<meta property=\"article:publisher\" content=\"https:\/\/www.facebook.com\/Solarkaihdin\/\" \/>\n<meta property=\"article:modified_time\" content=\"2025-04-16T07:55:14+00:00\" \/>\n<meta name=\"twitter:card\" content=\"summary_large_image\" \/>\n<script type=\"application\/ld+json\" class=\"yoast-schema-graph\">{\"@context\":\"https:\\\/\\\/schema.org\",\"@graph\":[{\"@type\":\"WebPage\",\"@id\":\"https:\\\/\\\/solar.fi\\\/sv\\\/persienner\\\/morklaggningsgardiner\\\/forbattra-din-somn-med-morklaggningsgardiner\\\/\",\"url\":\"https:\\\/\\\/solar.fi\\\/sv\\\/persienner\\\/morklaggningsgardiner\\\/forbattra-din-somn-med-morklaggningsgardiner\\\/\",\"name\":\"F\u00f6rb\u00e4ttra din s\u00f6mn med m\u00f6rkl\u00e4ggningsgardiner - Solar\",\"isPartOf\":{\"@id\":\"https:\\\/\\\/solar.fi\\\/#website\"},\"datePublished\":\"2025-04-16T07:55:10+00:00\",\"dateModified\":\"2025-04-16T07:55:14+00:00\",\"breadcrumb\":{\"@id\":\"https:\\\/\\\/solar.fi\\\/sv\\\/persienner\\\/morklaggningsgardiner\\\/forbattra-din-somn-med-morklaggningsgardiner\\\/#breadcrumb\"},\"inLanguage\":\"sv-SE\",\"potentialAction\":[{\"@type\":\"ReadAction\",\"target\":[\"https:\\\/\\\/solar.fi\\\/sv\\\/persienner\\\/morklaggningsgardiner\\\/forbattra-din-somn-med-morklaggningsgardiner\\\/\"]}]},{\"@type\":\"BreadcrumbList\",\"@id\":\"https:\\\/\\\/solar.fi\\\/sv\\\/persienner\\\/morklaggningsgardiner\\\/forbattra-din-somn-med-morklaggningsgardiner\\\/#breadcrumb\",\"itemListElement\":[{\"@type\":\"ListItem\",\"position\":1,\"name\":\"Etusivu\",\"item\":\"https:\\\/\\\/solar.fi\\\/sv\\\/\"},{\"@type\":\"ListItem\",\"position\":2,\"name\":\"Persienner\",\"item\":\"https:\\\/\\\/solar.fi\\\/sv\\\/persienner\\\/\"},{\"@type\":\"ListItem\",\"position\":3,\"name\":\"M\u00f6rkl\u00e4ggningsgardiner\",\"item\":\"https:\\\/\\\/solar.fi\\\/sv\\\/persienner\\\/morklaggningsgardiner\\\/\"},{\"@type\":\"ListItem\",\"position\":4,\"name\":\"F\u00f6rb\u00e4ttra din s\u00f6mn med m\u00f6rkl\u00e4ggningsgardiner\"}]},{\"@type\":\"WebSite\",\"@id\":\"https:\\\/\\\/solar.fi\\\/#website\",\"url\":\"https:\\\/\\\/solar.fi\\\/\",\"name\":\"Solar\",\"description\":\"Love the Sun\",\"publisher\":{\"@id\":\"https:\\\/\\\/solar.fi\\\/#organization\"},\"potentialAction\":[{\"@type\":\"SearchAction\",\"target\":{\"@type\":\"EntryPoint\",\"urlTemplate\":\"https:\\\/\\\/solar.fi\\\/?s={search_term_string}\"},\"query-input\":{\"@type\":\"PropertyValueSpecification\",\"valueRequired\":true,\"valueName\":\"search_term_string\"}}],\"inLanguage\":\"sv-SE\"},{\"@type\":\"Organization\",\"@id\":\"https:\\\/\\\/solar.fi\\\/#organization\",\"name\":\"Solar\",\"url\":\"https:\\\/\\\/solar.fi\\\/\",\"logo\":{\"@type\":\"ImageObject\",\"inLanguage\":\"sv-SE\",\"@id\":\"https:\\\/\\\/solar.fi\\\/#\\\/schema\\\/logo\\\/image\\\/\",\"url\":\"https:\\\/\\\/solar.fi\\\/wp-content\\\/uploads\\\/2019\\\/04\\\/solar-logo.png\",\"contentUrl\":\"https:\\\/\\\/solar.fi\\\/wp-content\\\/uploads\\\/2019\\\/04\\\/solar-logo.png\",\"width\":298,\"height\":132,\"caption\":\"Solar\"},\"image\":{\"@id\":\"https:\\\/\\\/solar.fi\\\/#\\\/schema\\\/logo\\\/image\\\/\"},\"sameAs\":[\"https:\\\/\\\/www.facebook.com\\\/Solarkaihdin\\\/\",\"https:\\\/\\\/www.instagram.com\\\/solarkaihdin\\\/\",\"https:\\\/\\\/fi.pinterest.com\\\/solarkaihdin16\\\/\",\"https:\\\/\\\/www.youtube.com\\\/c\\\/SolarKaihdinKyKalajoki?app=desktop\",\"https:\\\/\\\/fi.linkedin.com\\\/company\\\/solar-kaihdin-oy?trk=similar-pages\",\"https:\\\/\\\/www.tiktok.com\\\/@solarkaihdin\"]}]}<\/script>\n<!-- \/ Yoast SEO plugin. -->","yoast_head_json":{"title":"F\u00f6rb\u00e4ttra din s\u00f6mn med m\u00f6rkl\u00e4ggningsgardiner - Solar","robots":{"index":"index","follow":"follow","max-snippet":"max-snippet:-1","max-image-preview":"max-image-preview:large","max-video-preview":"max-video-preview:-1"},"canonical":"https:\/\/solar.fi\/sv\/persienner\/morklaggningsgardiner\/forbattra-din-somn-med-morklaggningsgardiner\/","og_locale":"sv_SE","og_type":"article","og_title":"F\u00f6rb\u00e4ttra din s\u00f6mn med m\u00f6rkl\u00e4ggningsgardiner - Solar","og_url":"https:\/\/solar.fi\/sv\/persienner\/morklaggningsgardiner\/forbattra-din-somn-med-morklaggningsgardiner\/","og_site_name":"Solar","article_publisher":"https:\/\/www.facebook.com\/Solarkaihdin\/","article_modified_time":"2025-04-16T07:55:14+00:00","twitter_card":"summary_large_image","schema":{"@context":"https:\/\/schema.org","@graph":[{"@type":"WebPage","@id":"https:\/\/solar.fi\/sv\/persienner\/morklaggningsgardiner\/forbattra-din-somn-med-morklaggningsgardiner\/","url":"https:\/\/solar.fi\/sv\/persienner\/morklaggningsgardiner\/forbattra-din-somn-med-morklaggningsgardiner\/","name":"F\u00f6rb\u00e4ttra din s\u00f6mn med m\u00f6rkl\u00e4ggningsgardiner - Solar","isPartOf":{"@id":"https:\/\/solar.fi\/#website"},"datePublished":"2025-04-16T07:55:10+00:00","dateModified":"2025-04-16T07:55:14+00:00","breadcrumb":{"@id":"https:\/\/solar.fi\/sv\/persienner\/morklaggningsgardiner\/forbattra-din-somn-med-morklaggningsgardiner\/#breadcrumb"},"inLanguage":"sv-SE","potentialAction":[{"@type":"ReadAction","target":["https:\/\/solar.fi\/sv\/persienner\/morklaggningsgardiner\/forbattra-din-somn-med-morklaggningsgardiner\/"]}]},{"@type":"BreadcrumbList","@id":"https:\/\/solar.fi\/sv\/persienner\/morklaggningsgardiner\/forbattra-din-somn-med-morklaggningsgardiner\/#breadcrumb","itemListElement":[{"@type":"ListItem","position":1,"name":"Etusivu","item":"https:\/\/solar.fi\/sv\/"},{"@type":"ListItem","position":2,"name":"Persienner","item":"https:\/\/solar.fi\/sv\/persienner\/"},{"@type":"ListItem","position":3,"name":"M\u00f6rkl\u00e4ggningsgardiner","item":"https:\/\/solar.fi\/sv\/persienner\/morklaggningsgardiner\/"},{"@type":"ListItem","position":4,"name":"F\u00f6rb\u00e4ttra din s\u00f6mn med m\u00f6rkl\u00e4ggningsgardiner"}]},{"@type":"WebSite","@id":"https:\/\/solar.fi\/#website","url":"https:\/\/solar.fi\/","name":"Solar","description":"Love the Sun","publisher":{"@id":"https:\/\/solar.fi\/#organization"},"potentialAction":[{"@type":"SearchAction","target":{"@type":"EntryPoint","urlTemplate":"https:\/\/solar.fi\/?s={search_term_string}"},"query-input":{"@type":"PropertyValueSpecification","valueRequired":true,"valueName":"search_term_string"}}],"inLanguage":"sv-SE"},{"@type":"Organization","@id":"https:\/\/solar.fi\/#organization","name":"Solar","url":"https:\/\/solar.fi\/","logo":{"@type":"ImageObject","inLanguage":"sv-SE","@id":"https:\/\/solar.fi\/#\/schema\/logo\/image\/","url":"https:\/\/solar.fi\/wp-content\/uploads\/2019\/04\/solar-logo.png","contentUrl":"https:\/\/solar.fi\/wp-content\/uploads\/2019\/04\/solar-logo.png","width":298,"height":132,"caption":"Solar"},"image":{"@id":"https:\/\/solar.fi\/#\/schema\/logo\/image\/"},"sameAs":["https:\/\/www.facebook.com\/Solarkaihdin\/","https:\/\/www.instagram.com\/solarkaihdin\/","https:\/\/fi.pinterest.com\/solarkaihdin16\/","https:\/\/www.youtube.com\/c\/SolarKaihdinKyKalajoki?app=desktop","https:\/\/fi.linkedin.com\/company\/solar-kaihdin-oy?trk=similar-pages","https:\/\/www.tiktok.com\/@solarkaihdin"]}]}},"_links":{"self":[{"href":"https:\/\/solar.fi\/sv\/wp-json\/wp\/v2\/pages\/84549","targetHints":{"allow":["GET"]}}],"collection":[{"href":"https:\/\/solar.fi\/sv\/wp-json\/wp\/v2\/pages"}],"about":[{"href":"https:\/\/solar.fi\/sv\/wp-json\/wp\/v2\/types\/page"}],"author":[{"embeddable":true,"href":"https:\/\/solar.fi\/sv\/wp-json\/wp\/v2\/users\/987"}],"replies":[{"embeddable":true,"href":"https:\/\/solar.fi\/sv\/wp-json\/wp\/v2\/comments?post=84549"}],"version-history":[{"count":1,"href":"https:\/\/solar.fi\/sv\/wp-json\/wp\/v2\/pages\/84549\/revisions"}],"predecessor-version":[{"id":84550,"href":"https:\/\/solar.fi\/sv\/wp-json\/wp\/v2\/pages\/84549\/revisions\/84550"}],"up":[{"embeddable":true,"href":"https:\/\/solar.fi\/sv\/wp-json\/wp\/v2\/pages\/76628"}],"wp:attachment":[{"href":"https:\/\/solar.fi\/sv\/wp-json\/wp\/v2\/media?parent=84549"}],"curies":[{"name":"wp","href":"https:\/\/api.w.org\/{rel}","templated":true}]}}