{"id":76628,"date":"2023-10-24T10:33:40","date_gmt":"2023-10-24T07:33:40","guid":{"rendered":"https:\/\/solar.fi\/pimennyskaihtimet\/"},"modified":"2025-04-22T10:33:40","modified_gmt":"2025-04-22T07:33:40","slug":"morklaggningsgardiner","status":"publish","type":"page","link":"https:\/\/solar.fi\/sv\/persienner\/morklaggningsgardiner\/","title":{"rendered":"M\u00f6rkl\u00e4ggningsgardiner"},"content":{"rendered":"\n\n<section id=\"block_88d5a853bdba1c4127e16f91451e0c19\" class=\"block-hero\">\n\n  <div class=\"container\">\n          <div class=\"relative min-h-[540px] flex items-end justify-start\">\n        <div class=\"absolute inset-0 w-full h-full bg-dark-layer z-10 rounded-[20px]\"><\/div>\n        <figure class=\"absolute inset-0 w-full\">\n          <video class=\"w-full h-full object-cover rounded-[20px]\" autoplay loop muted playsinline>\n            <source src=\"https:\/\/solar.fi\/wp-content\/uploads\/2025\/03\/Pimennyskaihdin-video.mp4\" type=\"video\/mp4\">\n          <\/video>\n        <\/figure>\n        <div class=\"relative z-20 p-8 text-white max-w-[550px]\">\n                      <h2 class=\"h1\">En m\u00f6rkl\u00e4ggningsgardin helt m\u00f6rk<\/h2>                            <\/div>\n      <\/div>\n      <\/div>\n\n\n<\/section>\n\n\n\n<section id=\"block_12572b7132b4ede1f0c22e557945d99a\" class=\"block-hero-alt relative pt-4 md:pt-6 lg:pt-8 pb-4 md:pb-6 lg:pb-8\">\n  <div class=\"container\">\n\n    <div class=\"grid grid-cols-1 md:grid-cols-12 gap-4 md:gap-8 items-start\">\n\n      <div class=\"md:col-span-6 md:h-full\">\n        <div class=\"bg-[#cee1f0] rounded-[20px] p-8 md:pt-32 md:p-12 relative -mt-12 md:mt-0 md:h-full\">\n                      <h2 class=\"default\">SOLAR Moon \u2013 den b\u00e4sta m\u00f6rkl\u00e4ggningsgardinl\u00f6sningen p\u00e5 marknaden<\/h2>                                  <p style=\"text-align: left;\">J\u00e4mf\u00f6rt med andra m\u00f6rkl\u00e4ggningsgardiner \u00e4r m\u00f6rkl\u00e4ggningsgardiner det mest effektiva s\u00e4ttet att m\u00f6rka ett sovrum eller annat utrymme i hemmet.<\/p>\n                  <\/div>\n      <\/div>\n\n      <div class=\"md:col-span-6 relative h-full order-first md:order-last\">\n        <figure class=\"h-full w-full\" data-aos=\"zoom-in\" data-aos-delay=\"100\" data-aos-duration=\"500\">\n          <img loading=\"lazy\" decoding=\"async\" width=\"650\" height=\"650\" src=\"https:\/\/solar.fi\/wp-content\/uploads\/2022\/12\/Moon1-edited.png\" class=\"w-full h-full object-cover rounded-[20px]\" alt=\"Solar MOON pimennysverho piment\u00e4\u00e4 makuuhuoneen tehokkaasti\" style=\"object-position: 50% 50%;\" srcset=\"https:\/\/solar.fi\/wp-content\/uploads\/2022\/12\/Moon1-edited.png 650w, https:\/\/solar.fi\/wp-content\/uploads\/2022\/12\/Moon1-edited-150x150.png 150w, https:\/\/solar.fi\/wp-content\/uploads\/2022\/12\/Moon1-edited-450x450.png 450w, https:\/\/solar.fi\/wp-content\/uploads\/2022\/12\/Moon1-edited-300x300.png 300w, https:\/\/solar.fi\/wp-content\/uploads\/2022\/12\/Moon1-edited-400x400.png 400w, https:\/\/solar.fi\/wp-content\/uploads\/2022\/12\/Moon1-edited-600x600.png 600w, https:\/\/solar.fi\/wp-content\/uploads\/2022\/12\/Moon1-edited-100x100.png 100w\" sizes=\"auto, (max-width: 650px) 100vw, 650px\" \/>        <\/figure>\n      <\/div>\n\n    <\/div>\n\n  <\/div>\n<\/section>\n\n\n\n\n<section id=\"block_544f6da70cc3e48fdf0d231861c11d8d\" class=\"block-listing-products overflow-hidden relative pt-4 md:pt-6 lg:pt-8 pb-4 md:pb-6 lg:pb-8\">\n  <div class=\"container relative pb-16 md:pb-0\">\n\n\t\t<div class=\"flex justify-between items-center gap-8 slider-title-wrap\">\n      \t\t\t\t<div><h2 class=\"default\">K\u00f6p online:<\/h2><\/div>\n      \t\t\t    <\/div>\n\n\t\t\n\t\t\t\n\t\t\t\t<div class=\"grid grid-cols-1 md:grid-cols-3 gap-8\">\n\t\t\t\t\t<div class=\"grid grid-cols-1 gap-8 md:col-span-12 md:grid-cols-3\">\n\t\t\t\t\t\t\t\t\t\t\t<div>\n\t\t\t\t\t\t\t\n<div class=\"card-product bg-white rounded-[20px] shadow-lg hover:shadow-2xl transition duration-300 group h-full\">\n    <a href=\"https:\/\/solar.fi\/sv\/produkt\/solar-moon-morklaggningsgardin-mellan-fonsterglas\/\">\n            <div class=\"relative\">\n            \n \n            <img decoding=\"async\" class=\"absolute top-4 right-4 z-50 w-[50px] h-auto\" src=\"https:\/\/solar.fi\/wp-content\/themes\/solar\/assets\/images\/avainlippu.png\" alt=\"Avainlippu\">\n            <figure class=\"aspect-w-1 aspect-h-1 w-full\">\n                <img decoding=\"async\" class=\"w-full !h-full rounded-t-[20px] object-cover\" alt=\"Musta pimennysverho ikkunan v\u00e4liin\" src=\"https:\/\/solar.fi\/wp-content\/uploads\/2025\/04\/Moon-pimennysverho-musta-720x720.png\">\n            <\/figure>\n        <\/div>\n        <div class=\"p-4 sm:p-8 text-black woocommerce\">\n        <span class=\"block font-bold text-base sm:text-lg\">SOLAR Moon M\u00f6rkl\u00e4ggningsgardin mellan f\u00f6nsterglas<\/span>\n                    <p class=\"text-sm\">Marknadens mest effektiva m\u00f6rkl\u00e4ggningsgardin. SOLAR Moon \u00e4r en 100 %&hellip;<\/p>\n                                    <div class=\"my-2\">\n                <div class=\"star-rating\" role=\"img\" aria-label=\"Betygsatt 4.85 av 5\"><span style=\"width:97%\">Betygsatt <strong class=\"rating\">4.85<\/strong> av 5<\/span><\/div>            <\/div>\n                <div class=\"flex items-center justify-between gap-2\">\n            <div>\n                                    <span class=\"price\">Fr\u00e5n 80 \u20ac<\/span>\n                            <\/div>\n            <button href=\"https:\/\/solar.fi\/sv\/produkt\/solar-moon-morklaggningsgardin-mellan-fonsterglas\/\" class=\"btn btn-primary\">K\u00f6pa <i class=\"fa-regular fa-bag-shopping\"><\/i><\/button>\n        <\/div>\n    <\/div>\n    <\/a>\n<\/div>\n\t\t\t\t\t\t<\/div>\n\t\t\t\t\t\t\t\t\t\t\t<div>\n\t\t\t\t\t\t\t\n<div class=\"card-product bg-white rounded-[20px] shadow-lg hover:shadow-2xl transition duration-300 group h-full\">\n    <a href=\"https:\/\/solar.fi\/sv\/produkt\/solar-morklaggningsgardin-pa-glasytor-fonster-dorr\/\">\n            <div class=\"relative\">\n            \n \n            <img decoding=\"async\" class=\"absolute top-4 right-4 z-50 w-[50px] h-auto\" src=\"https:\/\/solar.fi\/wp-content\/themes\/solar\/assets\/images\/avainlippu.png\" alt=\"Avainlippu\">\n            <figure class=\"aspect-w-1 aspect-h-1 w-full\">\n                <img decoding=\"async\" class=\"w-full !h-full rounded-t-[20px] object-cover\" alt=\"Musta vekkikaihdin ikkunaan\" src=\"https:\/\/solar.fi\/wp-content\/uploads\/2025\/04\/musta-vekkikaihdin-musta-johde-720x424.jpg\">\n            <\/figure>\n        <\/div>\n        <div class=\"p-4 sm:p-8 text-black woocommerce\">\n        <span class=\"block font-bold text-base sm:text-lg\">SOLAR M\u00f6rkl\u00e4ggningsgardin p\u00e5 glasytor f\u00f6nster &#038; d\u00f6rr<\/span>\n                    <p class=\"text-sm\">M\u00f6rkl\u00e4ggningsgardin som kan justeras b\u00e5de uppifr\u00e5n och nerifr\u00e5n. Perfekt f\u00f6r&hellip;<\/p>\n                                <div class=\"flex items-center justify-between gap-2\">\n            <div>\n                                                                <span class=\"price\"><span class=\"woocommerce-Price-amount amount\"><bdi>175,41&nbsp;<span class=\"woocommerce-Price-currencySymbol\">&euro;<\/span><\/bdi><\/span><\/span>\n                                                                        <\/div>\n            <button href=\"https:\/\/solar.fi\/sv\/produkt\/solar-morklaggningsgardin-pa-glasytor-fonster-dorr\/\" class=\"btn btn-primary\">K\u00f6pa <i class=\"fa-regular fa-bag-shopping\"><\/i><\/button>\n        <\/div>\n    <\/div>\n    <\/a>\n<\/div>\n\t\t\t\t\t\t<\/div>\n\t\t\t\t\t\t\t\t\t\t\t<div>\n\t\t\t\t\t\t\t\n<div class=\"card-product bg-white rounded-[20px] shadow-lg hover:shadow-2xl transition duration-300 group h-full\">\n    <a href=\"https:\/\/solar.fi\/sv\/produkt\/fargprover\/\">\n            <div class=\"relative\">\n            \n \n            <img decoding=\"async\" class=\"absolute top-4 right-4 z-50 w-[50px] h-auto\" src=\"https:\/\/solar.fi\/wp-content\/themes\/solar\/assets\/images\/avainlippu.png\" alt=\"Avainlippu\">\n            <figure class=\"aspect-w-1 aspect-h-1 w-full\">\n                <img decoding=\"async\" class=\"w-full !h-full rounded-t-[20px] object-cover\" alt=\"\" src=\"https:\/\/solar.fi\/wp-content\/uploads\/2022\/07\/Solar-sa\u0308vymalli.jpg\">\n            <\/figure>\n        <\/div>\n        <div class=\"p-4 sm:p-8 text-black woocommerce\">\n        <span class=\"block font-bold text-base sm:text-lg\">F\u00e4rgprover<\/span>\n                    <p class=\"text-sm\">Undrar du vilken f\u00e4rgnyans du ska v\u00e4lja till dina persienner?&hellip;<\/p>\n                                <div class=\"flex items-center justify-between gap-2\">\n            <div>\n                                    <span class=\"price\">Fr\u00e5n 80 \u20ac<\/span>\n                            <\/div>\n            <button href=\"https:\/\/solar.fi\/sv\/produkt\/fargprover\/\" class=\"btn btn-primary\">K\u00f6pa <i class=\"fa-regular fa-bag-shopping\"><\/i><\/button>\n        <\/div>\n    <\/div>\n    <\/a>\n<\/div>\n\t\t\t\t\t\t<\/div>\n\t\t\t\t\t\t\t\t\t\t<\/div>\n\t\t\t\t<\/div>\n\n\t\t\t\n\t\t\n  <\/div>\n\n<\/section>\n\n\n\n\n<section id=\"block_9b17039ff7bab4dbedf4e3c34ba72808\" class=\"block-carousel overflow-hidden all pt-4 md:pt-6 lg:pt-8 pb-4 md:pb-6 lg:pb-8\">\n\n  <div class=\"container relative pb-16 md:pb-0\">\n\n    <div class=\"flex justify-between items-center gap-8 slider-title-wrap\">\n      <div>\n              <\/div>\n      <div class=\"flex justify-end absolute md:relative z-20 bottom-0 right-6\">\n        <div class=\"flex space-x-4\">\n          <button class=\"items-prev rounded-full w-[45px] h-[45px] border-2 border-black cursor-pointer bg-white text-black text-2xl flex items-center justify-center\">\n            <i class=\"fa-sharp fa-regular fa-angle-left\"><\/i>\n          <\/button>\n          <button class=\"items-next rounded-full w-[45px] h-[45px] border-2 border-black cursor-pointer bg-white text-black text-2xl flex items-center justify-center\">\n            <i class=\"fa-sharp fa-regular fa-angle-right\"><\/i>\n          <\/button>\n        <\/div>\n      <\/div>\n    <\/div>\n    \n\n          \n      \n        <div class=\"swiper item-slider-expanding !overflow-visible\">\n          <div class=\"swiper-wrapper pb-10\">\n            \n                              <div class=\"swiper-slide\">\n                  <div class=\"relative min-h-[540px] flex items-end justify-start\">\n                                          <div class=\"absolute inset-0 w-full h-full bg-dark-layer z-20 rounded-[20px]\"><\/div>\n                                                              <figure class=\"absolute inset-0 w-full\">\n                        <img loading=\"lazy\" decoding=\"async\" width=\"768\" height=\"512\" src=\"https:\/\/solar.fi\/wp-content\/uploads\/2022\/05\/Mustat-pimennysverhot.jpg\" class=\"w-full h-full object-cover rounded-[20px]\" alt=\"Musta piment\u00e4v\u00e4 verho ikkunan v\u00e4liin\" style=\"object-position: 50% 50%;\" srcset=\"https:\/\/solar.fi\/wp-content\/uploads\/2022\/05\/Mustat-pimennysverhot.jpg 2048w, https:\/\/solar.fi\/wp-content\/uploads\/2022\/05\/Mustat-pimennysverhot-1440x960.jpg 1440w, https:\/\/solar.fi\/wp-content\/uploads\/2022\/05\/Mustat-pimennysverhot-150x100.jpg 150w, https:\/\/solar.fi\/wp-content\/uploads\/2022\/05\/Mustat-pimennysverhot-720x480.jpg 720w, https:\/\/solar.fi\/wp-content\/uploads\/2022\/05\/Mustat-pimennysverhot-450x300.jpg 450w, https:\/\/solar.fi\/wp-content\/uploads\/2022\/05\/Mustat-pimennysverhot-600x400.jpg 600w\" sizes=\"auto, (max-width: 768px) 100vw, 768px\" \/>                      <\/figure>\n                                                            <div class=\"relative z-30 p-8 text-white max-w-[550px]\">\n                                              <h2 class=\"default\">M\u00f6rka rummet 100 %<\/h2>                                                                    <div class=\"wp-block-column is-layout-flow wp-block-column-is-layout-flow\">\n<p class=\"has-text-align-center\" style=\"text-align: left;\">Den svarta SOLAR Moon installerad mellan f\u00f6nstret och de svarta m\u00f6rkl\u00e4ggningsremsorna m\u00f6rkar rummet perfekt.<\/p>\n<\/div>\n<div class=\"wp-block-column is-layout-flow wp-block-column-is-layout-flow\"><\/div>\n                                                                <\/div>\n                  <\/div>\n                <\/div>\n                            \n            \n                              <div class=\"swiper-slide\">\n                  <div class=\"relative min-h-[540px] flex items-end justify-start\">\n                                          <div class=\"absolute inset-0 w-full h-full bg-dark-layer z-20 rounded-[20px]\"><\/div>\n                                                              <figure class=\"absolute inset-0 w-full\">\n                        <img loading=\"lazy\" decoding=\"async\" width=\"768\" height=\"768\" src=\"https:\/\/solar.fi\/wp-content\/uploads\/2025\/02\/solar-uni-pimennyskaihdin-1.jpg\" class=\"w-full h-full object-cover rounded-[20px]\" alt=\"\" style=\"object-position: 50% 50%;\" srcset=\"https:\/\/solar.fi\/wp-content\/uploads\/2025\/02\/solar-uni-pimennyskaihdin-1.jpg 1080w, https:\/\/solar.fi\/wp-content\/uploads\/2025\/02\/solar-uni-pimennyskaihdin-1-150x150.jpg 150w, https:\/\/solar.fi\/wp-content\/uploads\/2025\/02\/solar-uni-pimennyskaihdin-1-720x720.jpg 720w, https:\/\/solar.fi\/wp-content\/uploads\/2025\/02\/solar-uni-pimennyskaihdin-1-450x450.jpg 450w, https:\/\/solar.fi\/wp-content\/uploads\/2025\/02\/solar-uni-pimennyskaihdin-1-300x300.jpg 300w, https:\/\/solar.fi\/wp-content\/uploads\/2025\/02\/solar-uni-pimennyskaihdin-1-400x400.jpg 400w, https:\/\/solar.fi\/wp-content\/uploads\/2025\/02\/solar-uni-pimennyskaihdin-1-600x600.jpg 600w, https:\/\/solar.fi\/wp-content\/uploads\/2025\/02\/solar-uni-pimennyskaihdin-1-100x100.jpg 100w\" sizes=\"auto, (max-width: 768px) 100vw, 768px\" \/>                      <\/figure>\n                                                            <div class=\"relative z-30 p-8 text-white max-w-[550px]\">\n                                              <h2 class=\"default\">V\u00e4lj b\u00e4ttre s\u00f6mn<\/h2>                                                                    <div class=\"wp-block-column is-layout-flow wp-block-column-is-layout-flow\">\n<p class=\"has-text-align-center\" style=\"text-align: left;\">En person sover b\u00e4ttre och djupare i m\u00f6rkret, vilket ger energi till vardagen.<\/p>\n<\/div>\n                                                                <\/div>\n                  <\/div>\n                <\/div>\n                            \n            \n                              <div class=\"swiper-slide\">\n                  <div class=\"relative min-h-[540px] flex items-end justify-start\">\n                                          <div class=\"absolute inset-0 w-full h-full bg-dark-layer z-20 rounded-[20px]\"><\/div>\n                                                              <figure class=\"absolute inset-0 w-full\">\n                        <img loading=\"lazy\" decoding=\"async\" width=\"768\" height=\"768\" src=\"https:\/\/solar.fi\/wp-content\/uploads\/2022\/11\/solar-energiatehokkaat-kaihtimet-talvimaisema.jpg\" class=\"w-full h-full object-cover rounded-[20px]\" alt=\"\" style=\"object-position: 49.33% 36.67%;\" srcset=\"https:\/\/solar.fi\/wp-content\/uploads\/2022\/11\/solar-energiatehokkaat-kaihtimet-talvimaisema.jpg 1200w, https:\/\/solar.fi\/wp-content\/uploads\/2022\/11\/solar-energiatehokkaat-kaihtimet-talvimaisema-150x150.jpg 150w, https:\/\/solar.fi\/wp-content\/uploads\/2022\/11\/solar-energiatehokkaat-kaihtimet-talvimaisema-720x720.jpg 720w, https:\/\/solar.fi\/wp-content\/uploads\/2022\/11\/solar-energiatehokkaat-kaihtimet-talvimaisema-450x450.jpg 450w, https:\/\/solar.fi\/wp-content\/uploads\/2022\/11\/solar-energiatehokkaat-kaihtimet-talvimaisema-300x300.jpg 300w, https:\/\/solar.fi\/wp-content\/uploads\/2022\/11\/solar-energiatehokkaat-kaihtimet-talvimaisema-400x400.jpg 400w, https:\/\/solar.fi\/wp-content\/uploads\/2022\/11\/solar-energiatehokkaat-kaihtimet-talvimaisema-600x600.jpg 600w, https:\/\/solar.fi\/wp-content\/uploads\/2022\/11\/solar-energiatehokkaat-kaihtimet-talvimaisema-100x100.jpg 100w\" sizes=\"auto, (max-width: 768px) 100vw, 768px\" \/>                      <\/figure>\n                                                            <div class=\"relative z-30 p-8 text-white max-w-[550px]\">\n                                              <h2 class=\"default\">H\u00e5ll temperaturen konstant<\/h2>                                                                    <p>M\u00f6rkl\u00e4ggningsgardinens cellv\u00e4v har isolerande luftfickor som h\u00e5ller kylan ute p\u00e5 vintern och det varma ute p\u00e5 sommaren.<\/p>\n                                                                <\/div>\n                  <\/div>\n                <\/div>\n                            \n                      <\/div>\n          <div class=\"swiper-scrollbar items-scrollbar\"><\/div>\n        <\/div>\n\n              \n  <\/div>\n\n\n<\/section>\n\n\n\n\n<section id=\"block_34fda2b605ab56be906d1bce33c283ce\" class=\"block-keypoints all pt-4 md:pt-6 lg:pt-8 pb-4 md:pb-6 lg:pb-8\">\n  <div class=\"container\">\n\n    \n    <div class=\"bg-[#cee1f0] rounded-[20px] p-12\">\n              <div class=\"grid md:grid-cols-3 gap-8\">\n                      <div>\n                              <span class=\"block text-[24px]\"><i class=\"fa-classic fa-solid fa-shield\" aria-hidden=\"true\"><\/i><\/span>\n                                            <h3>5 \u00e5rs garanti<\/h3>\n                                            Alla v\u00e5ra produkter \u00e4r av s\u00e5 h\u00f6g kvalitet att vi ger dem 5 \u00e5rs garanti.                          <\/div>\n            \n                      <div>\n                              <span class=\"block text-[24px]\"><i class=\"fa-classic fa-solid fa-arrows-left-right-to-line\" aria-hidden=\"true\"><\/i><\/span>\n                                            <h3>M\u00e5ttbest\u00e4llt arbete<\/h3>\n                                            Produkterna tillverkas enligt m\u00e5tt i v\u00e5r egen fabrik i Finland f\u00f6r att passa perfekt p\u00e5 plats.                          <\/div>\n            \n                      <div>\n                              <span class=\"block text-[24px]\"><i class=\"fa-classic fa-regular fa-flag\" aria-hidden=\"true\"><\/i><\/span>\n                                            <h3>Tillverkat i Finland<\/h3>\n                                            Vi har tilldelats Nyckelflaggan som ett bevis p\u00e5 finl\u00e4ndskt arbete och produkter tillverkade i Finland.                          <\/div>\n            \n                  <\/div>\n          <\/div>\n    \n  <\/div>\n<\/section>\n\n\n\n<section id=\"block_bd958f798d4ed130c8d32ff8093a8903\" class=\"block-image-text relative pt-4 md:pt-6 lg:pt-8 pb-4 md:pb-6 lg:pb-8\">\n  <div class=\"container\">\n\n    <div class=\"grid grid-cols-1 md:grid-cols-12 md:gap-8 items-center\">\n\n      <div class=\"md:col-span-6 order-first relative\">\n        <figure class=\"aspect-w-4 aspect-h-3\" data-aos=\"zoom-in\" data-aos-delay=\"200\" data-aos-duration=\"1000\">\n          <img loading=\"lazy\" decoding=\"async\" width=\"768\" height=\"1152\" src=\"https:\/\/solar.fi\/wp-content\/uploads\/2023\/11\/pimentava-vekkikaihdin-1.jpg\" class=\"w-full !h-full object-cover rounded-[20px]\" alt=\"Makuuhuoneen pimennysverhot\" style=\"object-position: 51.33% 39.33%;\" srcset=\"https:\/\/solar.fi\/wp-content\/uploads\/2023\/11\/pimentava-vekkikaihdin-1.jpg 1365w, https:\/\/solar.fi\/wp-content\/uploads\/2023\/11\/pimentava-vekkikaihdin-1-960x1440.jpg 960w, https:\/\/solar.fi\/wp-content\/uploads\/2023\/11\/pimentava-vekkikaihdin-1-100x150.jpg 100w, https:\/\/solar.fi\/wp-content\/uploads\/2023\/11\/pimentava-vekkikaihdin-1-480x720.jpg 480w, https:\/\/solar.fi\/wp-content\/uploads\/2023\/11\/pimentava-vekkikaihdin-1-300x450.jpg 300w, https:\/\/solar.fi\/wp-content\/uploads\/2023\/11\/pimentava-vekkikaihdin-1-600x900.jpg 600w\" sizes=\"auto, (max-width: 768px) 100vw, 768px\" \/>        <\/figure>\n      <\/div>\n\n      <div class=\"md:col-span-6\">\n        <div class=\"pt-8 md:py-8\">\n                      <h2 class=\"default\">M\u00f6rkl\u00e4ggning f\u00f6r alla f\u00f6nster och d\u00f6rrar<\/h2>                                  <p>I v\u00e5rt utbud kan du hitta b\u00e5de m\u00f6rkl\u00e4ggningsgardiner f\u00f6r f\u00f6nster och d\u00f6rrar och SOLAR Moon m\u00f6rkl\u00e4ggningsgardiner som erbjuder den mest effektiva m\u00f6rkl\u00e4ggningseffekten med hj\u00e4lp av m\u00f6rkl\u00e4ggningslister.<\/p>\n<p>M\u00f6rkl\u00e4ggningsgardiner tillverkas p\u00e5 best\u00e4llning f\u00f6r varje f\u00f6nster och d\u00f6rr, vilket garanterar b\u00e4sta m\u00f6jliga m\u00f6rkl\u00e4ggningseffekt.<\/p>\n                  <\/div>\n      <\/div>\n\n    <\/div>\n\n  <\/div>\n<\/section>\n\n\n\n\n<section id=\"block_9d544c888dbc5c39d93e11bfd1b5b99b\" class=\"block-figure-image pt-4 md:pt-6 lg:pt-8 pb-4 md:pb-6 lg:pb-8 relative\">\n  <div class=\"container\">\n\n    <div class=\"grid md:grid-cols-12 gap-10\">\n\n      <div class=\"col-span-full md:col-span-8 md:col-start-3 overflow-hidden\">\n\n                  <div><h2 class=\"default\">Erfarenheter med den b\u00e4sta m\u00f6rkl\u00e4ggningsgardinen p\u00e5 marknaden:<\/h2><\/div>\n        \n        \n          <div class=\"\">\n            <figure class=\"aspect-w-16 aspect-h-9\">\n              <iframe loading=\"lazy\" title=\"Helj\u00e4n asiakaskokemus SOLAR pimennyskaihtimista\" width=\"640\" height=\"360\" src=\"https:\/\/www.youtube.com\/embed\/Tnlo19c0zYU?feature=oembed&#038;controls=1&#038;hd=1&#038;autohide=1\" frameborder=\"0\" allow=\"accelerometer; autoplay; clipboard-write; encrypted-media; gyroscope; picture-in-picture; web-share\" referrerpolicy=\"strict-origin-when-cross-origin\" allowfullscreen frameborder=\"0\"><\/iframe>            <\/figure>\n          <\/div>\n\n        \n      <\/div>\n    <\/div>\n\n  <\/div>\n<\/section>\n","protected":false},"excerpt":{"rendered":"","protected":false},"author":1048,"featured_media":40635,"parent":73369,"menu_order":0,"comment_status":"closed","ping_status":"closed","template":"","meta":{"_acf_changed":false,"inline_featured_image":false,"footnotes":""},"class_list":["post-76628","page","type-page","status-publish","has-post-thumbnail","hentry"],"acf":[],"yoast_head":"<!-- This site is optimized with the Yoast SEO plugin v27.3 - https:\/\/yoast.com\/product\/yoast-seo-wordpress\/ -->\n<title>M\u00f6rkl\u00e4ggningsgardiner - Solar Kaihdin<\/title>\n<meta name=\"description\" content=\"M\u00f6rkl\u00e4ggningsgardiner \u00e4r ett effektivt s\u00e4tt att m\u00f6rkl\u00e4gga ett sovrum eller annat utrymme i hemmet.\" \/>\n<meta name=\"robots\" content=\"index, follow, max-snippet:-1, max-image-preview:large, max-video-preview:-1\" \/>\n<link rel=\"canonical\" href=\"https:\/\/solar.fi\/sv\/persienner\/morklaggningsgardiner\/\" \/>\n<meta property=\"og:locale\" content=\"sv_SE\" \/>\n<meta property=\"og:type\" content=\"article\" \/>\n<meta property=\"og:title\" content=\"M\u00f6rkl\u00e4ggningsgardiner - Solar Kaihdin\" \/>\n<meta property=\"og:description\" content=\"M\u00f6rkl\u00e4ggningsgardiner \u00e4r ett effektivt s\u00e4tt att m\u00f6rkl\u00e4gga ett sovrum eller annat utrymme i hemmet.\" \/>\n<meta property=\"og:url\" content=\"https:\/\/solar.fi\/sv\/persienner\/morklaggningsgardiner\/\" \/>\n<meta property=\"og:site_name\" content=\"Solar\" \/>\n<meta property=\"article:publisher\" content=\"https:\/\/www.facebook.com\/Solarkaihdin\/\" \/>\n<meta property=\"article:modified_time\" content=\"2025-04-22T07:33:40+00:00\" \/>\n<meta property=\"og:image\" content=\"https:\/\/solar.fi\/wp-content\/uploads\/2021\/02\/Moon1.png\" \/>\n\t<meta property=\"og:image:width\" content=\"1350\" \/>\n\t<meta property=\"og:image:height\" content=\"650\" \/>\n\t<meta property=\"og:image:type\" content=\"image\/png\" \/>\n<meta name=\"twitter:card\" content=\"summary_large_image\" \/>\n<script type=\"application\/ld+json\" class=\"yoast-schema-graph\">{\"@context\":\"https:\\\/\\\/schema.org\",\"@graph\":[{\"@type\":\"WebPage\",\"@id\":\"https:\\\/\\\/solar.fi\\\/sv\\\/persienner\\\/morklaggningsgardiner\\\/\",\"url\":\"https:\\\/\\\/solar.fi\\\/sv\\\/persienner\\\/morklaggningsgardiner\\\/\",\"name\":\"M\u00f6rkl\u00e4ggningsgardiner - Solar Kaihdin\",\"isPartOf\":{\"@id\":\"https:\\\/\\\/solar.fi\\\/#website\"},\"primaryImageOfPage\":{\"@id\":\"https:\\\/\\\/solar.fi\\\/sv\\\/persienner\\\/morklaggningsgardiner\\\/#primaryimage\"},\"image\":{\"@id\":\"https:\\\/\\\/solar.fi\\\/sv\\\/persienner\\\/morklaggningsgardiner\\\/#primaryimage\"},\"thumbnailUrl\":\"https:\\\/\\\/solar.fi\\\/wp-content\\\/uploads\\\/2021\\\/02\\\/Moon1.png\",\"datePublished\":\"2023-10-24T07:33:40+00:00\",\"dateModified\":\"2025-04-22T07:33:40+00:00\",\"description\":\"M\u00f6rkl\u00e4ggningsgardiner \u00e4r ett effektivt s\u00e4tt att m\u00f6rkl\u00e4gga ett sovrum eller annat utrymme i hemmet.\",\"breadcrumb\":{\"@id\":\"https:\\\/\\\/solar.fi\\\/sv\\\/persienner\\\/morklaggningsgardiner\\\/#breadcrumb\"},\"inLanguage\":\"sv-SE\",\"potentialAction\":[{\"@type\":\"ReadAction\",\"target\":[\"https:\\\/\\\/solar.fi\\\/sv\\\/persienner\\\/morklaggningsgardiner\\\/\"]}]},{\"@type\":\"ImageObject\",\"inLanguage\":\"sv-SE\",\"@id\":\"https:\\\/\\\/solar.fi\\\/sv\\\/persienner\\\/morklaggningsgardiner\\\/#primaryimage\",\"url\":\"https:\\\/\\\/solar.fi\\\/wp-content\\\/uploads\\\/2021\\\/02\\\/Moon1.png\",\"contentUrl\":\"https:\\\/\\\/solar.fi\\\/wp-content\\\/uploads\\\/2021\\\/02\\\/Moon1.png\",\"width\":1350,\"height\":650,\"caption\":\"Solar MOON pimennysverho piment\u00e4\u00e4 makuuhuoneen tehokkaasti\"},{\"@type\":\"BreadcrumbList\",\"@id\":\"https:\\\/\\\/solar.fi\\\/sv\\\/persienner\\\/morklaggningsgardiner\\\/#breadcrumb\",\"itemListElement\":[{\"@type\":\"ListItem\",\"position\":1,\"name\":\"Etusivu\",\"item\":\"https:\\\/\\\/solar.fi\\\/sv\\\/\"},{\"@type\":\"ListItem\",\"position\":2,\"name\":\"Persienner\",\"item\":\"https:\\\/\\\/solar.fi\\\/sv\\\/persienner\\\/\"},{\"@type\":\"ListItem\",\"position\":3,\"name\":\"M\u00f6rkl\u00e4ggningsgardiner\"}]},{\"@type\":\"WebSite\",\"@id\":\"https:\\\/\\\/solar.fi\\\/#website\",\"url\":\"https:\\\/\\\/solar.fi\\\/\",\"name\":\"Solar\",\"description\":\"Love the Sun\",\"publisher\":{\"@id\":\"https:\\\/\\\/solar.fi\\\/#organization\"},\"potentialAction\":[{\"@type\":\"SearchAction\",\"target\":{\"@type\":\"EntryPoint\",\"urlTemplate\":\"https:\\\/\\\/solar.fi\\\/?s={search_term_string}\"},\"query-input\":{\"@type\":\"PropertyValueSpecification\",\"valueRequired\":true,\"valueName\":\"search_term_string\"}}],\"inLanguage\":\"sv-SE\"},{\"@type\":\"Organization\",\"@id\":\"https:\\\/\\\/solar.fi\\\/#organization\",\"name\":\"Solar\",\"url\":\"https:\\\/\\\/solar.fi\\\/\",\"logo\":{\"@type\":\"ImageObject\",\"inLanguage\":\"sv-SE\",\"@id\":\"https:\\\/\\\/solar.fi\\\/#\\\/schema\\\/logo\\\/image\\\/\",\"url\":\"https:\\\/\\\/solar.fi\\\/wp-content\\\/uploads\\\/2019\\\/04\\\/solar-logo.png\",\"contentUrl\":\"https:\\\/\\\/solar.fi\\\/wp-content\\\/uploads\\\/2019\\\/04\\\/solar-logo.png\",\"width\":298,\"height\":132,\"caption\":\"Solar\"},\"image\":{\"@id\":\"https:\\\/\\\/solar.fi\\\/#\\\/schema\\\/logo\\\/image\\\/\"},\"sameAs\":[\"https:\\\/\\\/www.facebook.com\\\/Solarkaihdin\\\/\",\"https:\\\/\\\/www.instagram.com\\\/solarkaihdin\\\/\",\"https:\\\/\\\/fi.pinterest.com\\\/solarkaihdin16\\\/\",\"https:\\\/\\\/www.youtube.com\\\/c\\\/SolarKaihdinKyKalajoki?app=desktop\",\"https:\\\/\\\/fi.linkedin.com\\\/company\\\/solar-kaihdin-oy?trk=similar-pages\",\"https:\\\/\\\/www.tiktok.com\\\/@solarkaihdin\"]}]}<\/script>\n<!-- \/ Yoast SEO plugin. -->","yoast_head_json":{"title":"M\u00f6rkl\u00e4ggningsgardiner - Solar Kaihdin","description":"M\u00f6rkl\u00e4ggningsgardiner \u00e4r ett effektivt s\u00e4tt att m\u00f6rkl\u00e4gga ett sovrum eller annat utrymme i hemmet.","robots":{"index":"index","follow":"follow","max-snippet":"max-snippet:-1","max-image-preview":"max-image-preview:large","max-video-preview":"max-video-preview:-1"},"canonical":"https:\/\/solar.fi\/sv\/persienner\/morklaggningsgardiner\/","og_locale":"sv_SE","og_type":"article","og_title":"M\u00f6rkl\u00e4ggningsgardiner - Solar Kaihdin","og_description":"M\u00f6rkl\u00e4ggningsgardiner \u00e4r ett effektivt s\u00e4tt att m\u00f6rkl\u00e4gga ett sovrum eller annat utrymme i hemmet.","og_url":"https:\/\/solar.fi\/sv\/persienner\/morklaggningsgardiner\/","og_site_name":"Solar","article_publisher":"https:\/\/www.facebook.com\/Solarkaihdin\/","article_modified_time":"2025-04-22T07:33:40+00:00","og_image":[{"width":1350,"height":650,"url":"https:\/\/solar.fi\/wp-content\/uploads\/2021\/02\/Moon1.png","type":"image\/png"}],"twitter_card":"summary_large_image","schema":{"@context":"https:\/\/schema.org","@graph":[{"@type":"WebPage","@id":"https:\/\/solar.fi\/sv\/persienner\/morklaggningsgardiner\/","url":"https:\/\/solar.fi\/sv\/persienner\/morklaggningsgardiner\/","name":"M\u00f6rkl\u00e4ggningsgardiner - Solar Kaihdin","isPartOf":{"@id":"https:\/\/solar.fi\/#website"},"primaryImageOfPage":{"@id":"https:\/\/solar.fi\/sv\/persienner\/morklaggningsgardiner\/#primaryimage"},"image":{"@id":"https:\/\/solar.fi\/sv\/persienner\/morklaggningsgardiner\/#primaryimage"},"thumbnailUrl":"https:\/\/solar.fi\/wp-content\/uploads\/2021\/02\/Moon1.png","datePublished":"2023-10-24T07:33:40+00:00","dateModified":"2025-04-22T07:33:40+00:00","description":"M\u00f6rkl\u00e4ggningsgardiner \u00e4r ett effektivt s\u00e4tt att m\u00f6rkl\u00e4gga ett sovrum eller annat utrymme i hemmet.","breadcrumb":{"@id":"https:\/\/solar.fi\/sv\/persienner\/morklaggningsgardiner\/#breadcrumb"},"inLanguage":"sv-SE","potentialAction":[{"@type":"ReadAction","target":["https:\/\/solar.fi\/sv\/persienner\/morklaggningsgardiner\/"]}]},{"@type":"ImageObject","inLanguage":"sv-SE","@id":"https:\/\/solar.fi\/sv\/persienner\/morklaggningsgardiner\/#primaryimage","url":"https:\/\/solar.fi\/wp-content\/uploads\/2021\/02\/Moon1.png","contentUrl":"https:\/\/solar.fi\/wp-content\/uploads\/2021\/02\/Moon1.png","width":1350,"height":650,"caption":"Solar MOON pimennysverho piment\u00e4\u00e4 makuuhuoneen tehokkaasti"},{"@type":"BreadcrumbList","@id":"https:\/\/solar.fi\/sv\/persienner\/morklaggningsgardiner\/#breadcrumb","itemListElement":[{"@type":"ListItem","position":1,"name":"Etusivu","item":"https:\/\/solar.fi\/sv\/"},{"@type":"ListItem","position":2,"name":"Persienner","item":"https:\/\/solar.fi\/sv\/persienner\/"},{"@type":"ListItem","position":3,"name":"M\u00f6rkl\u00e4ggningsgardiner"}]},{"@type":"WebSite","@id":"https:\/\/solar.fi\/#website","url":"https:\/\/solar.fi\/","name":"Solar","description":"Love the Sun","publisher":{"@id":"https:\/\/solar.fi\/#organization"},"potentialAction":[{"@type":"SearchAction","target":{"@type":"EntryPoint","urlTemplate":"https:\/\/solar.fi\/?s={search_term_string}"},"query-input":{"@type":"PropertyValueSpecification","valueRequired":true,"valueName":"search_term_string"}}],"inLanguage":"sv-SE"},{"@type":"Organization","@id":"https:\/\/solar.fi\/#organization","name":"Solar","url":"https:\/\/solar.fi\/","logo":{"@type":"ImageObject","inLanguage":"sv-SE","@id":"https:\/\/solar.fi\/#\/schema\/logo\/image\/","url":"https:\/\/solar.fi\/wp-content\/uploads\/2019\/04\/solar-logo.png","contentUrl":"https:\/\/solar.fi\/wp-content\/uploads\/2019\/04\/solar-logo.png","width":298,"height":132,"caption":"Solar"},"image":{"@id":"https:\/\/solar.fi\/#\/schema\/logo\/image\/"},"sameAs":["https:\/\/www.facebook.com\/Solarkaihdin\/","https:\/\/www.instagram.com\/solarkaihdin\/","https:\/\/fi.pinterest.com\/solarkaihdin16\/","https:\/\/www.youtube.com\/c\/SolarKaihdinKyKalajoki?app=desktop","https:\/\/fi.linkedin.com\/company\/solar-kaihdin-oy?trk=similar-pages","https:\/\/www.tiktok.com\/@solarkaihdin"]}]}},"_links":{"self":[{"href":"https:\/\/solar.fi\/sv\/wp-json\/wp\/v2\/pages\/76628","targetHints":{"allow":["GET"]}}],"collection":[{"href":"https:\/\/solar.fi\/sv\/wp-json\/wp\/v2\/pages"}],"about":[{"href":"https:\/\/solar.fi\/sv\/wp-json\/wp\/v2\/types\/page"}],"author":[{"embeddable":true,"href":"https:\/\/solar.fi\/sv\/wp-json\/wp\/v2\/users\/1048"}],"replies":[{"embeddable":true,"href":"https:\/\/solar.fi\/sv\/wp-json\/wp\/v2\/comments?post=76628"}],"version-history":[{"count":8,"href":"https:\/\/solar.fi\/sv\/wp-json\/wp\/v2\/pages\/76628\/revisions"}],"predecessor-version":[{"id":84856,"href":"https:\/\/solar.fi\/sv\/wp-json\/wp\/v2\/pages\/76628\/revisions\/84856"}],"up":[{"embeddable":true,"href":"https:\/\/solar.fi\/sv\/wp-json\/wp\/v2\/pages\/73369"}],"wp:featuredmedia":[{"embeddable":true,"href":"https:\/\/solar.fi\/sv\/wp-json\/wp\/v2\/media\/40635"}],"wp:attachment":[{"href":"https:\/\/solar.fi\/sv\/wp-json\/wp\/v2\/media?parent=76628"}],"curies":[{"name":"wp","href":"https:\/\/api.w.org\/{rel}","templated":true}]}}