{"id":74830,"date":"2024-04-23T15:10:38","date_gmt":"2024-04-23T12:10:38","guid":{"rendered":"https:\/\/solar.fi\/for-inspiration\/"},"modified":"2025-04-22T12:28:21","modified_gmt":"2025-04-22T09:28:21","slug":"for-inspiration","status":"publish","type":"page","link":"https:\/\/solar.fi\/sv\/for-inspiration\/","title":{"rendered":"F\u00f6r inspiration"},"content":{"rendered":"\n\n<section id=\"block_027f83e8c0fba058a4c39709afe1e2d8\" class=\"block-hero\">\n\n  <div class=\"container\">\n          <div class=\"relative min-h-[540px] flex items-end justify-start\">\n        <div class=\"absolute inset-0 w-full h-full bg-dark-layer z-10 rounded-[20px]\"><\/div>\n        <figure class=\"absolute inset-0 w-full\">\n          <img loading=\"lazy\" decoding=\"async\" width=\"768\" height=\"432\" src=\"https:\/\/solar.fi\/wp-content\/uploads\/2023\/06\/Alykaihtimet-asuntomessut-ruokailutila-1.png\" class=\"w-full h-full object-cover rounded-[20px]\" alt=\"\" style=\"object-position: 37.5% 60.56%;\" srcset=\"https:\/\/solar.fi\/wp-content\/uploads\/2023\/06\/Alykaihtimet-asuntomessut-ruokailutila-1.png 1024w, https:\/\/solar.fi\/wp-content\/uploads\/2023\/06\/Alykaihtimet-asuntomessut-ruokailutila-1-150x84.png 150w, https:\/\/solar.fi\/wp-content\/uploads\/2023\/06\/Alykaihtimet-asuntomessut-ruokailutila-1-720x405.png 720w, https:\/\/solar.fi\/wp-content\/uploads\/2023\/06\/Alykaihtimet-asuntomessut-ruokailutila-1-450x253.png 450w, https:\/\/solar.fi\/wp-content\/uploads\/2023\/06\/Alykaihtimet-asuntomessut-ruokailutila-1-600x338.png 600w\" sizes=\"auto, (max-width: 768px) 100vw, 768px\" \/>        <\/figure>\n        <div class=\"relative z-20 p-8 text-white max-w-[550px]\">\n                      <h2 class=\"h1\">G\u00f6r persienner till en del av ditt hems utseende<\/h2>                            <\/div>\n      <\/div>\n      <\/div>\n\n\n<\/section>\n\n\n\n<section id=\"block_a9bc6656593c7f6c01314d3a2520f119\" class=\"block-hero-alt relative pt-4 md:pt-6 lg:pt-8 pb-4 md:pb-6 lg:pb-8\">\n  <div class=\"container\">\n\n    <div class=\"grid grid-cols-1 md:grid-cols-12 gap-4 md:gap-8 items-start\">\n\n      <div class=\"md:col-span-6 md:h-full\">\n        <div class=\"bg-[#cee1f0] rounded-[20px] p-8 md:pt-32 md:p-12 relative -mt-12 md:mt-0 md:h-full\">\n                      <h2 class=\"default\">Tips f\u00f6r att v\u00e4lja och underh\u00e5lla persienner<\/h2>                                  <p>V\u00e4l valda persienner \u00e4r ett vackert dekorativt element och f\u00f6rb\u00e4ttrar akustiken i ett rum.<\/p>\n<p>&nbsp;<\/p>\n                  <\/div>\n      <\/div>\n\n      <div class=\"md:col-span-6 relative h-full order-first md:order-last\">\n        <figure class=\"h-full w-full\" data-aos=\"zoom-in\" data-aos-delay=\"100\" data-aos-duration=\"500\">\n          <img loading=\"lazy\" decoding=\"async\" width=\"768\" height=\"512\" src=\"https:\/\/solar.fi\/wp-content\/uploads\/2024\/11\/Olohuoneen-vekkikaihtimet-moottorilla-1-1024x683-1.jpg\" class=\"w-full h-full object-cover rounded-[20px]\" alt=\"\" style=\"object-position: 60.62% 76.53%;\" srcset=\"https:\/\/solar.fi\/wp-content\/uploads\/2024\/11\/Olohuoneen-vekkikaihtimet-moottorilla-1-1024x683-1.jpg 1024w, https:\/\/solar.fi\/wp-content\/uploads\/2024\/11\/Olohuoneen-vekkikaihtimet-moottorilla-1-1024x683-1-150x100.jpg 150w, https:\/\/solar.fi\/wp-content\/uploads\/2024\/11\/Olohuoneen-vekkikaihtimet-moottorilla-1-1024x683-1-720x480.jpg 720w, https:\/\/solar.fi\/wp-content\/uploads\/2024\/11\/Olohuoneen-vekkikaihtimet-moottorilla-1-1024x683-1-450x300.jpg 450w, https:\/\/solar.fi\/wp-content\/uploads\/2024\/11\/Olohuoneen-vekkikaihtimet-moottorilla-1-1024x683-1-600x400.jpg 600w\" sizes=\"auto, (max-width: 768px) 100vw, 768px\" \/>        <\/figure>\n      <\/div>\n\n    <\/div>\n\n  <\/div>\n<\/section>\n\n\n\n\n<section id=\"block_da259ed56b3d081d1434b9f7e14b4ad8\" class=\"block-figure-image pt-4 md:pt-6 lg:pt-8 pb-4 md:pb-6 lg:pb-8 relative\">\n  <div class=\"container\">\n\n    <div class=\"grid md:grid-cols-12 gap-10\">\n\n      <div class=\"col-span-full md:col-span-8 md:col-start-3 overflow-hidden\">\n\n                  <div><h2 class=\"default\">SOLAR persienner p\u00e5 Bostadsm\u00e4ssan<\/h2><\/div>\n        \n        \n          <div class=\"grid lg:grid-cols-2 gap-8\">\n\n            <div>\n              <figure class=\"aspect-w-2 aspect-h-3\">\n                                <img decoding=\"async\" class=\"w-full h-full object-cover rounded-[20px]\" src=\"https:\/\/solar.fi\/wp-content\/uploads\/2023\/06\/moottoroitu-alykaihdin_solar-kaihdin2.jpg\" style=\"object-position: 42.67% 47.33%;\">\n              <\/figure>\n            <\/div>\n\n            <div>\n              <figure class=\"aspect-w-2 aspect-h-3\">\n                                <img decoding=\"async\" class=\"w-full h-full object-cover rounded-[20px]\" src=\"https:\/\/solar.fi\/wp-content\/uploads\/2023\/06\/moottoroitu-alykaihdin_solar-kaihdin4.jpg\" style=\"object-position: 58% 48%;\">\n              <\/figure>\n            <\/div>\n\n          <\/div>\n\n        \n      <\/div>\n    <\/div>\n\n  <\/div>\n<\/section>\n\n\n\n\n<section id=\"block_d24668f8508b7d08588491e5f1e8bddf\" class=\"block-carousel overflow-hidden all pt-4 md:pt-6 lg:pt-8 pb-4 md:pb-6 lg:pb-8\">\n\n  <div class=\"container relative pb-16 md:pb-0\">\n\n    <div class=\"flex justify-between items-center gap-8 slider-title-wrap\">\n      <div>\n              <\/div>\n      <div class=\"flex justify-end absolute md:relative z-20 bottom-0 right-6\">\n        <div class=\"flex space-x-4\">\n          <button class=\"items-prev rounded-full w-[45px] h-[45px] border-2 border-black cursor-pointer bg-white text-black text-2xl flex items-center justify-center\">\n            <i class=\"fa-sharp fa-regular fa-angle-left\"><\/i>\n          <\/button>\n          <button class=\"items-next rounded-full w-[45px] h-[45px] border-2 border-black cursor-pointer bg-white text-black text-2xl flex items-center justify-center\">\n            <i class=\"fa-sharp fa-regular fa-angle-right\"><\/i>\n          <\/button>\n        <\/div>\n      <\/div>\n    <\/div>\n    \n\n          \n      \n        <div class=\"swiper item-slider-expanding !overflow-visible\">\n          <div class=\"swiper-wrapper pb-10\">\n            \n                              <div class=\"swiper-slide\">\n                  <div class=\"relative min-h-[540px] flex items-end justify-start\">\n                                                              <figure class=\"absolute inset-0 w-full\">\n                        <img loading=\"lazy\" decoding=\"async\" width=\"768\" height=\"432\" src=\"https:\/\/solar.fi\/wp-content\/uploads\/2023\/06\/Verkkosivukuvat-1024-x-576.png\" class=\"w-full h-full object-cover rounded-[20px]\" alt=\"\" style=\"object-position: 56% 29.33%;\" srcset=\"https:\/\/solar.fi\/wp-content\/uploads\/2023\/06\/Verkkosivukuvat-1024-x-576.png 1024w, https:\/\/solar.fi\/wp-content\/uploads\/2023\/06\/Verkkosivukuvat-1024-x-576-150x84.png 150w, https:\/\/solar.fi\/wp-content\/uploads\/2023\/06\/Verkkosivukuvat-1024-x-576-720x405.png 720w, https:\/\/solar.fi\/wp-content\/uploads\/2023\/06\/Verkkosivukuvat-1024-x-576-450x253.png 450w, https:\/\/solar.fi\/wp-content\/uploads\/2023\/06\/Verkkosivukuvat-1024-x-576-600x338.png 600w\" sizes=\"auto, (max-width: 768px) 100vw, 768px\" \/>                      <\/figure>\n                                                            <div class=\"relative z-30 p-8 text-white max-w-[550px]\">\n                                                                                      <\/div>\n                  <\/div>\n                <\/div>\n                            \n            \n                              <div class=\"swiper-slide\">\n                  <div class=\"relative min-h-[540px] flex items-end justify-start\">\n                                                              <figure class=\"absolute inset-0 w-full\">\n                        <img loading=\"lazy\" decoding=\"async\" width=\"768\" height=\"432\" src=\"https:\/\/solar.fi\/wp-content\/uploads\/2025\/02\/Alykaihtimet-ensimmaista-kertaa-esilla-Asuntomessut2023.png\" class=\"w-full h-full object-cover rounded-[20px]\" alt=\"\" style=\"object-position: 62.19% 42.22%;\" srcset=\"https:\/\/solar.fi\/wp-content\/uploads\/2025\/02\/Alykaihtimet-ensimmaista-kertaa-esilla-Asuntomessut2023.png 1024w, https:\/\/solar.fi\/wp-content\/uploads\/2025\/02\/Alykaihtimet-ensimmaista-kertaa-esilla-Asuntomessut2023-150x84.png 150w, https:\/\/solar.fi\/wp-content\/uploads\/2025\/02\/Alykaihtimet-ensimmaista-kertaa-esilla-Asuntomessut2023-720x405.png 720w, https:\/\/solar.fi\/wp-content\/uploads\/2025\/02\/Alykaihtimet-ensimmaista-kertaa-esilla-Asuntomessut2023-450x253.png 450w, https:\/\/solar.fi\/wp-content\/uploads\/2025\/02\/Alykaihtimet-ensimmaista-kertaa-esilla-Asuntomessut2023-600x338.png 600w\" sizes=\"auto, (max-width: 768px) 100vw, 768px\" \/>                      <\/figure>\n                                                            <div class=\"relative z-30 p-8 text-white max-w-[550px]\">\n                                                                                      <\/div>\n                  <\/div>\n                <\/div>\n                            \n            \n                              <div class=\"swiper-slide\">\n                  <div class=\"relative min-h-[540px] flex items-end justify-start\">\n                                                              <figure class=\"absolute inset-0 w-full\">\n                        <img loading=\"lazy\" decoding=\"async\" width=\"768\" height=\"1152\" src=\"https:\/\/solar.fi\/wp-content\/uploads\/2023\/03\/Z7A8286-1.jpg\" class=\"w-full h-full object-cover rounded-[20px]\" alt=\"\" style=\"object-position: 44% 56%;\" srcset=\"https:\/\/solar.fi\/wp-content\/uploads\/2023\/03\/Z7A8286-1.jpg 1067w, https:\/\/solar.fi\/wp-content\/uploads\/2023\/03\/Z7A8286-1-960x1440.jpg 960w, https:\/\/solar.fi\/wp-content\/uploads\/2023\/03\/Z7A8286-1-100x150.jpg 100w, https:\/\/solar.fi\/wp-content\/uploads\/2023\/03\/Z7A8286-1-480x720.jpg 480w, https:\/\/solar.fi\/wp-content\/uploads\/2023\/03\/Z7A8286-1-300x450.jpg 300w, https:\/\/solar.fi\/wp-content\/uploads\/2023\/03\/Z7A8286-1-600x900.jpg 600w\" sizes=\"auto, (max-width: 768px) 100vw, 768px\" \/>                      <\/figure>\n                                                            <div class=\"relative z-30 p-8 text-white max-w-[550px]\">\n                                                                                      <\/div>\n                  <\/div>\n                <\/div>\n                            \n                      <\/div>\n          <div class=\"swiper-scrollbar items-scrollbar\"><\/div>\n        <\/div>\n\n              \n  <\/div>\n\n\n<\/section>\n\n\n\n\n\n\n\n<section id=\"block_a504974757f967272e037cc316328d76\" class=\"block-image-text relative pt-4 md:pt-6 lg:pt-8 pb-4 md:pb-6 lg:pb-8\">\n  <div class=\"container\">\n\n    <div class=\"grid grid-cols-1 md:grid-cols-12 md:gap-8 items-center\">\n\n      <div class=\"md:col-span-6 order-first relative\">\n        <figure class=\"aspect-w-4 aspect-h-3\" data-aos=\"zoom-in\" data-aos-delay=\"200\" data-aos-duration=\"1000\">\n          <img loading=\"lazy\" decoding=\"async\" width=\"768\" height=\"432\" src=\"https:\/\/solar.fi\/wp-content\/uploads\/2024\/01\/Mustat-pimennysverhot-edited.jpg\" class=\"w-full !h-full object-cover rounded-[20px]\" alt=\"Musta piment\u00e4v\u00e4 verho ikkunan v\u00e4liin\" style=\"object-position: 50% 50%;\" srcset=\"https:\/\/solar.fi\/wp-content\/uploads\/2024\/01\/Mustat-pimennysverhot-edited.jpg 1366w, https:\/\/solar.fi\/wp-content\/uploads\/2024\/01\/Mustat-pimennysverhot-edited-150x84.jpg 150w, https:\/\/solar.fi\/wp-content\/uploads\/2024\/01\/Mustat-pimennysverhot-edited-720x405.jpg 720w, https:\/\/solar.fi\/wp-content\/uploads\/2024\/01\/Mustat-pimennysverhot-edited-450x253.jpg 450w, https:\/\/solar.fi\/wp-content\/uploads\/2024\/01\/Mustat-pimennysverhot-edited-600x337.jpg 600w\" sizes=\"auto, (max-width: 768px) 100vw, 768px\" \/>        <\/figure>\n      <\/div>\n\n      <div class=\"md:col-span-6\">\n        <div class=\"pt-8 md:py-8\">\n                      <h2 class=\"default\">L\u00e5t dagen lysa<\/h2>                                  <p>Dagsljus och sken fr\u00e5n gatlyktor st\u00f6r insomningen och minskar s\u00f6mnkvaliteten. M\u00f6rk ditt rum helt med persienner s\u00e5 f\u00e5r du en god natts s\u00f6mn och klarar dig b\u00e4ttre i vardagen.<\/p>\n<p>SOLAR Moon m\u00f6rkl\u00e4ggningsgardiner m\u00f6rkar rummet till 100 % och du kommer att sova som en stock.<\/p>\n<p><a class=\"btn btn-secondary\" href=\"https:\/\/solar.fi\/sv\/persienner\/morklaggningsgardiner\/\">Uppt\u00e4ck de perfekta m\u00f6rkl\u00e4ggningsgardinerna<\/a><\/p>\n<p>&nbsp;<\/p>\n                  <\/div>\n      <\/div>\n\n    <\/div>\n\n  <\/div>\n<\/section>\n\n\n\n\n<section id=\"block_ff52fb41d83b4340da2dfc993eea5daa\" class=\"block-cta all pt-4 md:pt-6 lg:pt-8 pb-4 md:pb-6 lg:pb-8\">\n  <div class=\"container\">\n\n    <div class=\"bg-[#cee1f0] rounded-[20px] p-8 md:p-12\">\n      <div class=\"max-w-[500px] mx-auto text-center\">\n                  <h2 class=\"default\">Hitta den l\u00f6sning som passar dig<\/h2>                          <p>Letar du efter skydd mot v\u00e4rme, ljus, insyn eller insekter? Se vilket alternativ som b\u00e4st passar dina behov.<\/p>\n                          <a class=\"btn btn-primary\" href=\"https:\/\/solar.fi\/sv\/kaihdinapuri-sv\/\" target=\"_self\">Hj\u00e4lp mig att v\u00e4lja<\/a>\n                          <figure class=\"h-[200px] bg-no-repeat bg-top bg-[length:100%] mt-8 -mb-8 md:-mb-12\" style=\"background-image: url('https:\/\/solar.fi\/wp-content\/uploads\/2025\/02\/tuotekuva.png')\"><\/figure>\n              <\/div>\n    <\/div>\n    \n  <\/div>\n<\/section>\n\n\n\n\n<section id=\"block_31eadda2368ba55ea7c48af3f6ad2965\" class=\"block-experttineuvonta all pt-4 md:pt-6 lg:pt-8 pb-4 md:pb-6 lg:pb-8\">\n  <div class=\"container grid grid-cols-1 md:grid-cols-2 lg:grid-cols-4 gap-8\">\n\n    <div>\n              <h2 class=\"default\">En expert som hj\u00e4lper till med best\u00e4llningen<\/h2>                    <p>Boka en kostnadsfri Expertkonsultation, d\u00e4r v\u00e5r expert hj\u00e4lper dig med produktval och guidar dig i att ta noggranna m\u00e5tt.<\/p>\n                    <a class=\"btn btn-primary\" href=\"https:\/\/solar.fi\/sv\/expertradgivning\/\" target=\"_self\">Boka nu!<\/a>\n          <\/div>\n\n                  <div class=\"bg-[#cee1f0] rounded-[20px] p-8 pt-16 md:pt-32 relative\" data-aos=\"zoom-in\" data-aos-delay=\"200\" data-aos-duration=\"500\">\n          <span class=\"block absolute top-4 left-4 bg-white text-primary-500 rounded-[20px] py-1 px-2\">Steg 1<\/span>\n                      <span class=\"block text-[24px]\"><i class=\"fa-classic fa-regular fa-comments\" aria-hidden=\"true\"><\/i><\/span>\n                                <h3>Fj\u00e4rrm\u00f6te<\/h3>\n                                Vi kommer tillsammans att kartl\u00e4gga hur vi kan g\u00f6ra ditt hem mer bekv\u00e4mt med hj\u00e4lp av SOLAR-produkter.                  <\/div>\n        \n              <div class=\"bg-[#cee1f0] rounded-[20px] p-8 pt-16 md:pt-32 relative\" data-aos=\"zoom-in\" data-aos-delay=\"400\" data-aos-duration=\"500\">\n          <span class=\"block absolute top-4 left-4 bg-white text-primary-500 rounded-[20px] py-1 px-2\">Steg 2<\/span>\n                      <span class=\"block text-[24px]\"><i class=\"fa-classic fa-solid fa-ruler\" aria-hidden=\"true\"><\/i><\/span>\n                                <h3>M\u00e4tning<\/h3>\n                                Vi hj\u00e4lper dig att ta exakta m\u00e5tt och l\u00e4gga en best\u00e4llning.                  <\/div>\n        \n              <div class=\"bg-[#cee1f0] rounded-[20px] p-8 pt-16 md:pt-32 relative\" data-aos=\"zoom-in\" data-aos-delay=\"600\" data-aos-duration=\"500\">\n          <span class=\"block absolute top-4 left-4 bg-white text-primary-500 rounded-[20px] py-1 px-2\">Steg 3<\/span>\n                      <span class=\"block text-[24px]\"><i class=\"fa-classic fa-solid fa-check\" aria-hidden=\"true\"><\/i><\/span>\n                                <h3>Redo!<\/h3>\n                                Du f\u00e5r produkterna hem till dig och du kan direkt njuta av ett mysigt hem.                  <\/div>\n        \n              \n  <\/div>\n<\/section>\n","protected":false},"excerpt":{"rendered":"","protected":false},"author":1048,"featured_media":0,"parent":0,"menu_order":0,"comment_status":"closed","ping_status":"closed","template":"","meta":{"_acf_changed":false,"inline_featured_image":false,"footnotes":""},"class_list":["post-74830","page","type-page","status-publish","hentry"],"acf":[],"yoast_head":"<!-- This site is optimized with the Yoast SEO plugin v27.3 - https:\/\/yoast.com\/product\/yoast-seo-wordpress\/ -->\n<title>F\u00f6r inspiration - Solar Kaihdin<\/title>\n<meta name=\"description\" content=\"G\u00f6r persienner till en del av ditt hems utseende Tips f\u00f6r att v\u00e4lja och underh\u00e5lla persienner.\" \/>\n<meta name=\"robots\" content=\"index, follow, max-snippet:-1, max-image-preview:large, max-video-preview:-1\" \/>\n<link rel=\"canonical\" href=\"https:\/\/solar.fi\/sv\/for-inspiration\/\" \/>\n<meta property=\"og:locale\" content=\"sv_SE\" \/>\n<meta property=\"og:type\" content=\"article\" \/>\n<meta property=\"og:title\" content=\"F\u00f6r inspiration - Solar Kaihdin\" \/>\n<meta property=\"og:description\" content=\"G\u00f6r persienner till en del av ditt hems utseende Tips f\u00f6r att v\u00e4lja och underh\u00e5lla persienner.\" \/>\n<meta property=\"og:url\" content=\"https:\/\/solar.fi\/sv\/for-inspiration\/\" \/>\n<meta property=\"og:site_name\" content=\"Solar\" \/>\n<meta property=\"article:publisher\" content=\"https:\/\/www.facebook.com\/Solarkaihdin\/\" \/>\n<meta property=\"article:modified_time\" content=\"2025-04-22T09:28:21+00:00\" \/>\n<meta name=\"twitter:card\" content=\"summary_large_image\" \/>\n<script type=\"application\/ld+json\" class=\"yoast-schema-graph\">{\"@context\":\"https:\\\/\\\/schema.org\",\"@graph\":[{\"@type\":\"WebPage\",\"@id\":\"https:\\\/\\\/solar.fi\\\/sv\\\/for-inspiration\\\/\",\"url\":\"https:\\\/\\\/solar.fi\\\/sv\\\/for-inspiration\\\/\",\"name\":\"F\u00f6r inspiration - Solar Kaihdin\",\"isPartOf\":{\"@id\":\"https:\\\/\\\/solar.fi\\\/#website\"},\"datePublished\":\"2024-04-23T12:10:38+00:00\",\"dateModified\":\"2025-04-22T09:28:21+00:00\",\"description\":\"G\u00f6r persienner till en del av ditt hems utseende Tips f\u00f6r att v\u00e4lja och underh\u00e5lla persienner.\",\"breadcrumb\":{\"@id\":\"https:\\\/\\\/solar.fi\\\/sv\\\/for-inspiration\\\/#breadcrumb\"},\"inLanguage\":\"sv-SE\",\"potentialAction\":[{\"@type\":\"ReadAction\",\"target\":[\"https:\\\/\\\/solar.fi\\\/sv\\\/for-inspiration\\\/\"]}]},{\"@type\":\"BreadcrumbList\",\"@id\":\"https:\\\/\\\/solar.fi\\\/sv\\\/for-inspiration\\\/#breadcrumb\",\"itemListElement\":[{\"@type\":\"ListItem\",\"position\":1,\"name\":\"Etusivu\",\"item\":\"https:\\\/\\\/solar.fi\\\/sv\\\/\"},{\"@type\":\"ListItem\",\"position\":2,\"name\":\"F\u00f6r inspiration\"}]},{\"@type\":\"WebSite\",\"@id\":\"https:\\\/\\\/solar.fi\\\/#website\",\"url\":\"https:\\\/\\\/solar.fi\\\/\",\"name\":\"Solar\",\"description\":\"Love the Sun\",\"publisher\":{\"@id\":\"https:\\\/\\\/solar.fi\\\/#organization\"},\"potentialAction\":[{\"@type\":\"SearchAction\",\"target\":{\"@type\":\"EntryPoint\",\"urlTemplate\":\"https:\\\/\\\/solar.fi\\\/?s={search_term_string}\"},\"query-input\":{\"@type\":\"PropertyValueSpecification\",\"valueRequired\":true,\"valueName\":\"search_term_string\"}}],\"inLanguage\":\"sv-SE\"},{\"@type\":\"Organization\",\"@id\":\"https:\\\/\\\/solar.fi\\\/#organization\",\"name\":\"Solar\",\"url\":\"https:\\\/\\\/solar.fi\\\/\",\"logo\":{\"@type\":\"ImageObject\",\"inLanguage\":\"sv-SE\",\"@id\":\"https:\\\/\\\/solar.fi\\\/#\\\/schema\\\/logo\\\/image\\\/\",\"url\":\"https:\\\/\\\/solar.fi\\\/wp-content\\\/uploads\\\/2019\\\/04\\\/solar-logo.png\",\"contentUrl\":\"https:\\\/\\\/solar.fi\\\/wp-content\\\/uploads\\\/2019\\\/04\\\/solar-logo.png\",\"width\":298,\"height\":132,\"caption\":\"Solar\"},\"image\":{\"@id\":\"https:\\\/\\\/solar.fi\\\/#\\\/schema\\\/logo\\\/image\\\/\"},\"sameAs\":[\"https:\\\/\\\/www.facebook.com\\\/Solarkaihdin\\\/\",\"https:\\\/\\\/www.instagram.com\\\/solarkaihdin\\\/\",\"https:\\\/\\\/fi.pinterest.com\\\/solarkaihdin16\\\/\",\"https:\\\/\\\/www.youtube.com\\\/c\\\/SolarKaihdinKyKalajoki?app=desktop\",\"https:\\\/\\\/fi.linkedin.com\\\/company\\\/solar-kaihdin-oy?trk=similar-pages\",\"https:\\\/\\\/www.tiktok.com\\\/@solarkaihdin\"]}]}<\/script>\n<!-- \/ Yoast SEO plugin. -->","yoast_head_json":{"title":"F\u00f6r inspiration - Solar Kaihdin","description":"G\u00f6r persienner till en del av ditt hems utseende Tips f\u00f6r att v\u00e4lja och underh\u00e5lla persienner.","robots":{"index":"index","follow":"follow","max-snippet":"max-snippet:-1","max-image-preview":"max-image-preview:large","max-video-preview":"max-video-preview:-1"},"canonical":"https:\/\/solar.fi\/sv\/for-inspiration\/","og_locale":"sv_SE","og_type":"article","og_title":"F\u00f6r inspiration - Solar Kaihdin","og_description":"G\u00f6r persienner till en del av ditt hems utseende Tips f\u00f6r att v\u00e4lja och underh\u00e5lla persienner.","og_url":"https:\/\/solar.fi\/sv\/for-inspiration\/","og_site_name":"Solar","article_publisher":"https:\/\/www.facebook.com\/Solarkaihdin\/","article_modified_time":"2025-04-22T09:28:21+00:00","twitter_card":"summary_large_image","schema":{"@context":"https:\/\/schema.org","@graph":[{"@type":"WebPage","@id":"https:\/\/solar.fi\/sv\/for-inspiration\/","url":"https:\/\/solar.fi\/sv\/for-inspiration\/","name":"F\u00f6r inspiration - Solar Kaihdin","isPartOf":{"@id":"https:\/\/solar.fi\/#website"},"datePublished":"2024-04-23T12:10:38+00:00","dateModified":"2025-04-22T09:28:21+00:00","description":"G\u00f6r persienner till en del av ditt hems utseende Tips f\u00f6r att v\u00e4lja och underh\u00e5lla persienner.","breadcrumb":{"@id":"https:\/\/solar.fi\/sv\/for-inspiration\/#breadcrumb"},"inLanguage":"sv-SE","potentialAction":[{"@type":"ReadAction","target":["https:\/\/solar.fi\/sv\/for-inspiration\/"]}]},{"@type":"BreadcrumbList","@id":"https:\/\/solar.fi\/sv\/for-inspiration\/#breadcrumb","itemListElement":[{"@type":"ListItem","position":1,"name":"Etusivu","item":"https:\/\/solar.fi\/sv\/"},{"@type":"ListItem","position":2,"name":"F\u00f6r inspiration"}]},{"@type":"WebSite","@id":"https:\/\/solar.fi\/#website","url":"https:\/\/solar.fi\/","name":"Solar","description":"Love the Sun","publisher":{"@id":"https:\/\/solar.fi\/#organization"},"potentialAction":[{"@type":"SearchAction","target":{"@type":"EntryPoint","urlTemplate":"https:\/\/solar.fi\/?s={search_term_string}"},"query-input":{"@type":"PropertyValueSpecification","valueRequired":true,"valueName":"search_term_string"}}],"inLanguage":"sv-SE"},{"@type":"Organization","@id":"https:\/\/solar.fi\/#organization","name":"Solar","url":"https:\/\/solar.fi\/","logo":{"@type":"ImageObject","inLanguage":"sv-SE","@id":"https:\/\/solar.fi\/#\/schema\/logo\/image\/","url":"https:\/\/solar.fi\/wp-content\/uploads\/2019\/04\/solar-logo.png","contentUrl":"https:\/\/solar.fi\/wp-content\/uploads\/2019\/04\/solar-logo.png","width":298,"height":132,"caption":"Solar"},"image":{"@id":"https:\/\/solar.fi\/#\/schema\/logo\/image\/"},"sameAs":["https:\/\/www.facebook.com\/Solarkaihdin\/","https:\/\/www.instagram.com\/solarkaihdin\/","https:\/\/fi.pinterest.com\/solarkaihdin16\/","https:\/\/www.youtube.com\/c\/SolarKaihdinKyKalajoki?app=desktop","https:\/\/fi.linkedin.com\/company\/solar-kaihdin-oy?trk=similar-pages","https:\/\/www.tiktok.com\/@solarkaihdin"]}]}},"_links":{"self":[{"href":"https:\/\/solar.fi\/sv\/wp-json\/wp\/v2\/pages\/74830","targetHints":{"allow":["GET"]}}],"collection":[{"href":"https:\/\/solar.fi\/sv\/wp-json\/wp\/v2\/pages"}],"about":[{"href":"https:\/\/solar.fi\/sv\/wp-json\/wp\/v2\/types\/page"}],"author":[{"embeddable":true,"href":"https:\/\/solar.fi\/sv\/wp-json\/wp\/v2\/users\/1048"}],"replies":[{"embeddable":true,"href":"https:\/\/solar.fi\/sv\/wp-json\/wp\/v2\/comments?post=74830"}],"version-history":[{"count":17,"href":"https:\/\/solar.fi\/sv\/wp-json\/wp\/v2\/pages\/74830\/revisions"}],"predecessor-version":[{"id":84901,"href":"https:\/\/solar.fi\/sv\/wp-json\/wp\/v2\/pages\/74830\/revisions\/84901"}],"wp:attachment":[{"href":"https:\/\/solar.fi\/sv\/wp-json\/wp\/v2\/media?parent=74830"}],"curies":[{"name":"wp","href":"https:\/\/api.w.org\/{rel}","templated":true}]}}